
{"id":3004,"date":"2015-10-05T13:54:52","date_gmt":"2015-10-05T12:54:52","guid":{"rendered":"https:\/\/www.gipa.eu\/events-2\/"},"modified":"2022-02-07T10:07:45","modified_gmt":"2022-02-07T09:07:45","slug":"novedades","status":"publish","type":"page","link":"https:\/\/www.gipa.eu\/es\/novedades\/","title":{"rendered":"Blog"},"content":{"rendered":"<div class=\"wpb-content-wrapper\"><p>[vc_row][vc_column width=\u00bb2\/3&#8243;][vc_column_text]<\/p>\n<div class=\"wpb_content_element block_title section_title inner-only_text \">\n<h1 style=\"text-align: center;\">\u00a1Encuentre toda la actualidad de GiPA!<\/h1>\n<\/div>\n<p>[\/vc_column_text][\/vc_column][vc_column width=\u00bb1\/3&#8243;][textbar button_title=\u00bb\u00a1O ten presente las fechas de nuestras plenarias!\u00bb button_link=\u00bb\/es\/plenarias\/\u00bb icon=\u00bbsteadysets-icon-type\u00bb][\/textbar][\/vc_column][vc_column][separator width=\u00bb200px\u00bb height=\u00bb1px\u00bb position=\u00bbcenter\u00bb color=\u00bb#e1e1e1&#8243; margin_top=\u00bb40px\u00bb margin_bottom=\u00bb40px\u00bb][vc_row_inner][vc_column_inner offset=\u00bbvc_col-lg-11 vc_col-md-11&#8243;][vc_column_text]<section class=\"timeline-express-filters\">\n\n\t<div class=\"timeline-express-filter-group\">\n\n\t\t<!-- action -->\n\t\t<input type=\"hidden\" name=\"action\" value=\"filter-timeline\">\n\n\t\t<!-- redirect URL -->\n\t\t<input type=\"hidden\" name=\"filter-redirect-url\" value=\"https:\/\/www.gipa.eu\/es\/novedades\/\">\n\n\t\t\n\t\t\t\t<div class=\"timeline-express-filter-dropdown timeline-express-filter-left\">\n\n\t\t\t\t\t<span style=\"display:block;width:100%;\">Selecciona tu pa\u00eds<\/span><select name=\"timelines\" id=\"timelines\" class=\"postform\"><option class=\"level-0\" value=\"-1\">Todos los pa\u00edses<\/option><option class=\"level-0\" value=\"107\" >Afrique du Sud<\/option><option class=\"level-0\" value=\"76\" >Allemagne<\/option><option class=\"level-0\" value=\"108\" >Am\u00e9rique Centrale<\/option><option class=\"level-0\" value=\"109\" >Argentine<\/option><option class=\"level-0\" value=\"111\" >Br\u00e9sil<\/option><option class=\"level-0\" value=\"112\" >Chili<\/option><option class=\"level-0\" value=\"113\" >Chine<\/option><option class=\"level-0\" value=\"114\" >Colombie<\/option><option class=\"level-0\" value=\"86\" >Espagne<\/option><option class=\"level-0\" value=\"75\" >France<\/option><option class=\"level-0\" value=\"116\" >Inde<\/option><option class=\"level-0\" value=\"85\" >Italie<\/option><option class=\"level-0\" value=\"117\" >Maroc<\/option><option class=\"level-0\" value=\"119\" >Mexique<\/option><option class=\"level-0\" value=\"120\" >P\u00e9rou<\/option><option class=\"level-0\" value=\"121\" >Pologne<\/option><option class=\"level-0\" value=\"122\" >Portugal<\/option><option class=\"level-0\" value=\"87\" >Royaume-Uni<\/option><option class=\"level-0\" value=\"123\" >Russie<\/option><option class=\"level-0\" value=\"124\" >Tha\u00cflande<\/option><option class=\"level-0\" value=\"125\" >Turquie<\/option><option class=\"level-0\" value=\"126\" >Ukraine<\/option><option class=\"level-0\" value=\"127\" >Vietnam<\/option><\/select>\n\t\t\t\t<\/div>\n\n\t\t\t\t\n\t<\/div>\n\n\t<input class=\"timeline-express-filter-submit\" type=\"submit\" class=\"timeline-express-filter\" title=\"Filtro\" value=\"Filtro\">\n\n<\/section>\n\n\n\t\t\t<section id=\"cd-timeline\" style=\"opacity: 0;\" class=\"cd-container timeline-express \" >\n\n\t\t\t\n<div id=\"should-you-invest-in-alternative-engine-trainings-in-mexico\" class=\"cd-timeline-block mayo 14 2023 legacy-layout announcement-26542 2023 news alemania argentina-es brasil centroamerica chile-es china-es colombia-es espana francia italia marruecos mexico-es peru-es portugal-es reino-unido rusia sudafrica tailandia turquia ucrania vietnam-es icon-bounce-in container-style-default\" data-container-animation=\"bounce-in\" data-icon-animation=\"bounce-in\">\n\n\t\n\t\t<a class=\"cd-timeline-icon-link\" href=\"https:\/\/www.gipa.eu\/es\/announcement\/invest-alternative-engine-trainings-mexico\/\">\n\n\t\t\n\t\t<div class=\"cd-timeline-img cd-picture\" style=\"background:#75CE66;\">\n\n\t\t\t<!-- Custom Action Hook -->\n\n\t\t\t\n\t\t\t\t<!-- Standard Font Awesome Icon -->\n\n\t\t\t\t<span class=\"fa fa-eye\" title=\"Should you invest in alternative engine trainings in Mexico?\"><\/span>\n\n\t\t\t\n\t\t<\/div> <!-- cd-timeline-img -->\n\t\n\t\t<\/a>\n\n\t\t\n\t<!-- Timeline Content -->\n\t<div class=\"cd-timeline-content\">\n\n\t\t\n\t\t<!-- Announcement Title -->\n\t\t<div class=\"cd-timeline-title-container\">\n\n\t\t\t\n\t\t\t<h2 class=\"cd-timeline-item-title\">\n\t\t\t\tShould you invest in alternative engine trainings in Mexico?\t\t\t<\/h2>\n\n\t\t\t\t\t\t\t<strong class=\"timeline-date\">\n\t\t\t\t\t14 de mayo de 2023\t\t\t\t<\/strong>\n\t\t\t\t\t\t<\/div>\n\t\t<!-- End Announcement Title -->\n\n\t\t<img loading=\"lazy\" decoding=\"async\" width=\"350\" height=\"120\" src=\"https:\/\/www.gipa.eu\/wp-content\/uploads\/2023\/05\/blogartwork-2-350x120.png\" class=\"announcement-banner-image\" alt=\"Should you invest in alternative engine trainings in Mexico?\" \/>\n\t\t<!-- Announcement Excerpt -->\n\t\t<div class=\"the-excerpt\">\n\t\t\tSince 2020, the automotive aftermarket in Mexico has been affected by different disruptions, creating a challenging, yet interesting, business landscape. The market experienced less car registrations...<a class=\"timeline-express-read-more-link\" href=\"https:\/\/www.gipa.eu\/es\/announcement\/invest-alternative-engine-trainings-mexico\/\"> Lee mas\r\n<\/a>\t\t<\/div>\n\t\t<!-- End Announcement Excerpt -->\n\n\t\t\n\t<\/div>\n\t<!-- End Timeline Content -->\n\n\t\n<\/div>\n<!-- End Timeline Block -->\n\n<div id=\"a-peculiar-trend-in-argentina-not-to-miss\" class=\"cd-timeline-block mayo 13 2023 legacy-layout announcement-no-image announcement-26607 2023 news alemania argentina-es brasil centroamerica chile-es china-es colombia-es espana francia india-es italia marruecos mexico-es peru-es polonia portugal-es reino-unido rusia sudafrica tailandia ucrania vietnam-es icon-bounce-in container-style-default\" data-container-animation=\"bounce-in\" data-icon-animation=\"bounce-in\">\n\n\t\n\t\t<a class=\"cd-timeline-icon-link\" href=\"https:\/\/www.gipa.eu\/es\/announcement\/peculiar-trend-argentina-not-miss\/\">\n\n\t\t\n\t\t<div class=\"cd-timeline-img cd-picture\" style=\"background:#75CE66;\">\n\n\t\t\t<!-- Custom Action Hook -->\n\n\t\t\t\n\t\t\t\t<!-- Standard Font Awesome Icon -->\n\n\t\t\t\t<span class=\"fa fa-eye\" title=\"A PECULIAR TREND IN ARGENTINA NOT TO MISS\"><\/span>\n\n\t\t\t\n\t\t<\/div> <!-- cd-timeline-img -->\n\t\n\t\t<\/a>\n\n\t\t\n\t<!-- Timeline Content -->\n\t<div class=\"cd-timeline-content\">\n\n\t\t\n\t\t<!-- Announcement Title -->\n\t\t<div class=\"cd-timeline-title-container\">\n\n\t\t\t\n\t\t\t<h2 class=\"cd-timeline-item-title\">\n\t\t\t\tA PECULIAR TREND IN ARGENTINA NOT TO MISS\t\t\t<\/h2>\n\n\t\t\t\t\t\t\t<strong class=\"timeline-date\">\n\t\t\t\t\t13 de mayo de 2023\t\t\t\t<\/strong>\n\t\t\t\t\t\t<\/div>\n\t\t<!-- End Announcement Title -->\n\n\t\t\n\t\t<!-- Announcement Excerpt -->\n\t\t<div class=\"the-excerpt\">\n\t\t\tFor several years, Argentina has experienced an unavoidable phenomenon: we are one of the countries that consume and produce pick ups the most, and thanks to this, in 2022 our market positioned...<a class=\"timeline-express-read-more-link\" href=\"https:\/\/www.gipa.eu\/es\/announcement\/peculiar-trend-argentina-not-miss\/\"> Lee mas\r\n<\/a>\t\t<\/div>\n\t\t<!-- End Announcement Excerpt -->\n\n\t\t\n\t<\/div>\n\t<!-- End Timeline Content -->\n\n\t\n<\/div>\n<!-- End Timeline Block -->\n\n<div id=\"new-chief-executive-officer-gipa-group\" class=\"cd-timeline-block febrero 03 2022 legacy-layout announcement-25150 2022 news alemania argentina-es brasil brazil-es central-america-es centroamerica chile-es china-es colombia-es espana france-es francia germany-es india-es italia italy-es marruecos mexico-es morocco-es peru-es poland-es polonia portugal-es reino-unido rusia russia-es south-africa-es spain-es sudafrica tailandia thailand-es turkey-es turquia ucrania ukraine-es united-kingdom-es vietnam-es %e3%82%a2%e3%83%ab%e3%82%bc%e3%83%b3%e3%83%81%e3%83%b3-es %e3%82%a2%e3%83%ab%e3%82%bc%e3%83%b3%e3%83%81%e3%83%b3-2-es %e3%82%a4%e3%82%bf%e3%83%aa%e3%82%a2-es %e3%82%a4%e3%82%bf%e3%83%aa%e3%82%a2-2-es icon-style-default container-style-default\" data-container-animation=\"bounce-in\" data-icon-animation=\"bounce-in\">\n\n\t\n\t\t<a class=\"cd-timeline-icon-link\" href=\"https:\/\/www.gipa.eu\/es\/announcement\/25084-2\/\">\n\n\t\t\n\t\t<div class=\"cd-timeline-img cd-picture\" style=\"background:#f79520;\">\n\n\t\t\t<!-- Custom Action Hook -->\n\n\t\t\t\n\t\t\t\t<!-- Standard Font Awesome Icon -->\n\n\t\t\t\t<span class=\"fa fa-newspaper-o\" title=\"New Chief Executive Officer \u2013 GiPA group\"><\/span>\n\n\t\t\t\n\t\t<\/div> <!-- cd-timeline-img -->\n\t\n\t\t<\/a>\n\n\t\t\n\t<!-- Timeline Content -->\n\t<div class=\"cd-timeline-content\">\n\n\t\t\n\t\t<!-- Announcement Title -->\n\t\t<div class=\"cd-timeline-title-container\">\n\n\t\t\t\n\t\t\t<h2 class=\"cd-timeline-item-title\">\n\t\t\t\tNew Chief Executive Officer \u2013 GiPA group\t\t\t<\/h2>\n\n\t\t\t\t\t\t\t<strong class=\"timeline-date\">\n\t\t\t\t\t3 de febrero de 2022\t\t\t\t<\/strong>\n\t\t\t\t\t\t<\/div>\n\t\t<!-- End Announcement Title -->\n\n\t\t<img loading=\"lazy\" decoding=\"async\" width=\"200\" height=\"120\" src=\"https:\/\/www.gipa.eu\/wp-content\/uploads\/2022\/02\/Photo-ABL-3-1-1-200x120.jpg\" class=\"announcement-banner-image\" alt=\"New Chief Executive Officer \u2013 GiPA group\" \/>\n\t\t<!-- Announcement Excerpt -->\n\t\t<div class=\"the-excerpt\">\n\t\t\tToday GiPA announced the appointment of Almudena Benedito as CEO of GiPA group, effective as of 1st February 2022. Almudena is replacing Eric Devos who remains President of GiPA Group. She will be...<a class=\"timeline-express-read-more-link\" href=\"https:\/\/www.gipa.eu\/es\/announcement\/25084-2\/\"> Lee mas\r\n<\/a>\t\t<\/div>\n\t\t<!-- End Announcement Excerpt -->\n\n\t\t\n\t<\/div>\n\t<!-- End Timeline Content -->\n\n\t\n<\/div>\n<!-- End Timeline Block -->\n\n<div id=\"spanish-aftermarket-recovery-challenges-and-difficulties\" class=\"cd-timeline-block noviembre 01 2021 legacy-layout announcement-24849 2021 news espana spain-es icon-style-default container-style-default\" data-container-animation=\"bounce-in\" data-icon-animation=\"bounce-in\">\n\n\t\n\t\t<a class=\"cd-timeline-icon-link\" href=\"https:\/\/www.gipa.eu\/es\/announcement\/spanish-aftermarket-recovery-challenges-difficulties\/\">\n\n\t\t\n\t\t<div class=\"cd-timeline-img cd-picture\" style=\"background:#f79520;\">\n\n\t\t\t<!-- Custom Action Hook -->\n\n\t\t\t\n\t\t\t\t<!-- Standard Font Awesome Icon -->\n\n\t\t\t\t<span class=\"fa fa-newspaper-o\" title=\"Spanish aftermarket recovery: \u201cchallenges and difficulties\u201d\"><\/span>\n\n\t\t\t\n\t\t<\/div> <!-- cd-timeline-img -->\n\t\n\t\t<\/a>\n\n\t\t\n\t<!-- Timeline Content -->\n\t<div class=\"cd-timeline-content\">\n\n\t\t\n\t\t<!-- Announcement Title -->\n\t\t<div class=\"cd-timeline-title-container\">\n\n\t\t\t\n\t\t\t<h2 class=\"cd-timeline-item-title\">\n\t\t\t\tSpanish aftermarket recovery: \u201cchallenges and difficulties\u201d\t\t\t<\/h2>\n\n\t\t\t\t\t\t\t<strong class=\"timeline-date\">\n\t\t\t\t\t1 de noviembre de 2021\t\t\t\t<\/strong>\n\t\t\t\t\t\t<\/div>\n\t\t<!-- End Announcement Title -->\n\n\t\t<img loading=\"lazy\" decoding=\"async\" width=\"350\" height=\"120\" src=\"https:\/\/www.gipa.eu\/wp-content\/uploads\/2021\/11\/Spanish-aftermarket-recovery-350x120.png\" class=\"announcement-banner-image\" alt=\"Spanish aftermarket recovery: \u201cchallenges and difficulties\u201d\" \/>\n\t\t<!-- Announcement Excerpt -->\n\t\t<div class=\"the-excerpt\">\n\t\t\tThe assumption than 2021 will be better than 2020 was something assuming for all aftermarket players and even for all people around the world.\u00a0 But 2021 is being challenging and\u00a0 the market is...<a class=\"timeline-express-read-more-link\" href=\"https:\/\/www.gipa.eu\/es\/announcement\/spanish-aftermarket-recovery-challenges-difficulties\/\"> Lee mas\r\n<\/a>\t\t<\/div>\n\t\t<!-- End Announcement Excerpt -->\n\n\t\t\n\t<\/div>\n\t<!-- End Timeline Content -->\n\n\t\n<\/div>\n<!-- End Timeline Block -->\n\n<div id=\"the-development-of-chinas-aftermarket\" class=\"cd-timeline-block octubre 01 2021 legacy-layout announcement-24724 2021 news china-es icon-style-default container-style-default\" data-container-animation=\"bounce-in\" data-icon-animation=\"bounce-in\">\n\n\t\n\t\t<a class=\"cd-timeline-icon-link\" href=\"https:\/\/www.gipa.eu\/es\/announcement\/development-chinas-aftermarket\/\">\n\n\t\t\n\t\t<div class=\"cd-timeline-img cd-picture\" style=\"background:#f79520;\">\n\n\t\t\t<!-- Custom Action Hook -->\n\n\t\t\t\n\t\t\t\t<!-- Standard Font Awesome Icon -->\n\n\t\t\t\t<span class=\"fa fa-newspaper-o\" title=\"The development of China&#8217;s aftermarket\"><\/span>\n\n\t\t\t\n\t\t<\/div> <!-- cd-timeline-img -->\n\t\n\t\t<\/a>\n\n\t\t\n\t<!-- Timeline Content -->\n\t<div class=\"cd-timeline-content\">\n\n\t\t\n\t\t<!-- Announcement Title -->\n\t\t<div class=\"cd-timeline-title-container\">\n\n\t\t\t\n\t\t\t<h2 class=\"cd-timeline-item-title\">\n\t\t\t\tThe development of China&#8217;s aftermarket\t\t\t<\/h2>\n\n\t\t\t\t\t\t\t<strong class=\"timeline-date\">\n\t\t\t\t\t1 de octubre de 2021\t\t\t\t<\/strong>\n\t\t\t\t\t\t<\/div>\n\t\t<!-- End Announcement Title -->\n\n\t\t<img loading=\"lazy\" decoding=\"async\" width=\"350\" height=\"120\" src=\"https:\/\/www.gipa.eu\/wp-content\/uploads\/2021\/10\/the-automotive-industry-350x120.png\" class=\"announcement-banner-image\" alt=\"The development of China&#8217;s aftermarket\" \/>\n\t\t<!-- Announcement Excerpt -->\n\t\t<div class=\"the-excerpt\">\n\t\t\tDigitization In 2021, under the influence of the demographic dividend disappearing, consumption upgrading and global epidemic, industrial internet track has ushered in unprecedented development...<a class=\"timeline-express-read-more-link\" href=\"https:\/\/www.gipa.eu\/es\/announcement\/development-chinas-aftermarket\/\"> Lee mas\r\n<\/a>\t\t<\/div>\n\t\t<!-- End Announcement Excerpt -->\n\n\t\t\n\t<\/div>\n\t<!-- End Timeline Content -->\n\n\t\n<\/div>\n<!-- End Timeline Block -->\n\n<div id=\"how-will-the-electrified-car-parc-grow-by-2025\" class=\"cd-timeline-block septiembre 07 2021 legacy-layout announcement-24625 2021 news reino-unido united-kingdom-es icon-style-default container-style-default\" data-container-animation=\"bounce-in\" data-icon-animation=\"bounce-in\">\n\n\t\n\t\t<a class=\"cd-timeline-icon-link\" href=\"https:\/\/www.gipa.eu\/es\/announcement\/will-electrified-car-parc-grow-2025\/\">\n\n\t\t\n\t\t<div class=\"cd-timeline-img cd-picture\" style=\"background:#f79520;\">\n\n\t\t\t<!-- Custom Action Hook -->\n\n\t\t\t\n\t\t\t\t<!-- Standard Font Awesome Icon -->\n\n\t\t\t\t<span class=\"fa fa-newspaper-o\" title=\"How will the electrified car parc grow by 2025?\"><\/span>\n\n\t\t\t\n\t\t<\/div> <!-- cd-timeline-img -->\n\t\n\t\t<\/a>\n\n\t\t\n\t<!-- Timeline Content -->\n\t<div class=\"cd-timeline-content\">\n\n\t\t\n\t\t<!-- Announcement Title -->\n\t\t<div class=\"cd-timeline-title-container\">\n\n\t\t\t\n\t\t\t<h2 class=\"cd-timeline-item-title\">\n\t\t\t\tHow will the electrified car parc grow by 2025?\t\t\t<\/h2>\n\n\t\t\t\t\t\t\t<strong class=\"timeline-date\">\n\t\t\t\t\t7 de septiembre de 2021\t\t\t\t<\/strong>\n\t\t\t\t\t\t<\/div>\n\t\t<!-- End Announcement Title -->\n\n\t\t<img loading=\"lazy\" decoding=\"async\" width=\"350\" height=\"120\" src=\"https:\/\/www.gipa.eu\/wp-content\/uploads\/2021\/09\/electrified_car_parc_UK-350x120.png\" class=\"announcement-banner-image\" alt=\"How will the electrified car parc grow by 2025?\" \/>\n\t\t<!-- Announcement Excerpt -->\n\t\t<div class=\"the-excerpt\">\n\t\t\tNew car registrations in the EU5 in Q2 2021 Between January and June 2021, the market for new car sales in Europe has been slowly mending after an unprecedented drop in 2020, due to the pandemic. All...<a class=\"timeline-express-read-more-link\" href=\"https:\/\/www.gipa.eu\/es\/announcement\/will-electrified-car-parc-grow-2025\/\"> Lee mas\r\n<\/a>\t\t<\/div>\n\t\t<!-- End Announcement Excerpt -->\n\n\t\t\n\t<\/div>\n\t<!-- End Timeline Content -->\n\n\t\n<\/div>\n<!-- End Timeline Block -->\n\n<div id=\"main-factors-that-define-the-future-of-the-argentinean-aftermarket\" class=\"cd-timeline-block agosto 01 2021 legacy-layout announcement-24501 2021 news argentina-es icon-style-default container-style-default\" data-container-animation=\"bounce-in\" data-icon-animation=\"bounce-in\">\n\n\t\n\t\t<a class=\"cd-timeline-icon-link\" href=\"https:\/\/www.gipa.eu\/es\/announcement\/main-factors-define-future-argentinean-aftermarket\/\">\n\n\t\t\n\t\t<div class=\"cd-timeline-img cd-picture\" style=\"background:#f79520;\">\n\n\t\t\t<!-- Custom Action Hook -->\n\n\t\t\t\n\t\t\t\t<!-- Standard Font Awesome Icon -->\n\n\t\t\t\t<span class=\"fa fa-newspaper-o\" title=\"Main factors that define the future of the Argentinean aftermarket\"><\/span>\n\n\t\t\t\n\t\t<\/div> <!-- cd-timeline-img -->\n\t\n\t\t<\/a>\n\n\t\t\n\t<!-- Timeline Content -->\n\t<div class=\"cd-timeline-content\">\n\n\t\t\n\t\t<!-- Announcement Title -->\n\t\t<div class=\"cd-timeline-title-container\">\n\n\t\t\t\n\t\t\t<h2 class=\"cd-timeline-item-title\">\n\t\t\t\tMain factors that define the future of the Argentinean aftermarket\t\t\t<\/h2>\n\n\t\t\t\t\t\t\t<strong class=\"timeline-date\">\n\t\t\t\t\t1 de agosto de 2021\t\t\t\t<\/strong>\n\t\t\t\t\t\t<\/div>\n\t\t<!-- End Announcement Title -->\n\n\t\t<img loading=\"lazy\" decoding=\"async\" width=\"350\" height=\"120\" src=\"https:\/\/www.gipa.eu\/wp-content\/uploads\/2021\/08\/future_argentinean_aftermarket-350x120.png\" class=\"announcement-banner-image\" alt=\"Main factors that define the future of the Argentinean aftermarket\" \/>\n\t\t<!-- Announcement Excerpt -->\n\t\t<div class=\"the-excerpt\">\n\t\t\tThe current state of the Argentinean aftermarket is defined by a series of factors that make it unique. We will try to make a brief summary that allows us to share the main variables that define our...<a class=\"timeline-express-read-more-link\" href=\"https:\/\/www.gipa.eu\/es\/announcement\/main-factors-define-future-argentinean-aftermarket\/\"> Lee mas\r\n<\/a>\t\t<\/div>\n\t\t<!-- End Announcement Excerpt -->\n\n\t\t\n\t<\/div>\n\t<!-- End Timeline Content -->\n\n\t\n<\/div>\n<!-- End Timeline Block -->\n\n<div id=\"by-the-end-of-the-covid-crisis-what-are-the-challenges-for-the-manufacturer-networks-and-the-independent-aftermarket-players\" class=\"cd-timeline-block julio 01 2021 legacy-layout announcement-24341 2021 news france-es francia icon-style-default container-style-default\" data-container-animation=\"bounce-in\" data-icon-animation=\"bounce-in\">\n\n\t\n\t\t<a class=\"cd-timeline-icon-link\" href=\"https:\/\/www.gipa.eu\/es\/announcement\/end-covid-crisis-challenges-manufacturer-networks-independent-aftermarket-players\/\">\n\n\t\t\n\t\t<div class=\"cd-timeline-img cd-picture\" style=\"background:#f79520;\">\n\n\t\t\t<!-- Custom Action Hook -->\n\n\t\t\t\n\t\t\t\t<!-- Standard Font Awesome Icon -->\n\n\t\t\t\t<span class=\"fa fa-newspaper-o\" title=\"By the end of the Covid crisis, what are the challenges for the manufacturer networks and the independent aftermarket players?\"><\/span>\n\n\t\t\t\n\t\t<\/div> <!-- cd-timeline-img -->\n\t\n\t\t<\/a>\n\n\t\t\n\t<!-- Timeline Content -->\n\t<div class=\"cd-timeline-content\">\n\n\t\t\n\t\t<!-- Announcement Title -->\n\t\t<div class=\"cd-timeline-title-container\">\n\n\t\t\t\n\t\t\t<h2 class=\"cd-timeline-item-title\">\n\t\t\t\tBy the end of the Covid crisis, what are the challenges for the manufacturer networks and the independent aftermarket players?\t\t\t<\/h2>\n\n\t\t\t\t\t\t\t<strong class=\"timeline-date\">\n\t\t\t\t\t1 de julio de 2021\t\t\t\t<\/strong>\n\t\t\t\t\t\t<\/div>\n\t\t<!-- End Announcement Title -->\n\n\t\t<img loading=\"lazy\" decoding=\"async\" width=\"350\" height=\"120\" src=\"https:\/\/www.gipa.eu\/wp-content\/uploads\/2021\/07\/challenges_for_the_automotive_industry-350x120.png\" class=\"announcement-banner-image\" alt=\"By the end of the Covid crisis, what are the challenges for the manufacturer networks and the independent aftermarket players?\" \/>\n\t\t<!-- Announcement Excerpt -->\n\t\t<div class=\"the-excerpt\">\n\t\t\tIt is a new day for the aftermarket! At the end of the third lockdown in France (June 2021), the future of motoring seems to be taking shape in a new light. Suddenly, the norms established for...<a class=\"timeline-express-read-more-link\" href=\"https:\/\/www.gipa.eu\/es\/announcement\/end-covid-crisis-challenges-manufacturer-networks-independent-aftermarket-players\/\"> Lee mas\r\n<\/a>\t\t<\/div>\n\t\t<!-- End Announcement Excerpt -->\n\n\t\t\n\t<\/div>\n\t<!-- End Timeline Content -->\n\n\t\n<\/div>\n<!-- End Timeline Block -->\n\n<div id=\"why-e-commerce-didnt-expend-as-much-as-expected-in-brazil\" class=\"cd-timeline-block junio 08 2021 legacy-layout announcement-24212 2021 news brasil brazil-es icon-style-default container-style-default\" data-container-animation=\"bounce-in\" data-icon-animation=\"bounce-in\">\n\n\t\n\t\t<a class=\"cd-timeline-icon-link\" href=\"https:\/\/www.gipa.eu\/es\/announcement\/e-commerce-didnt-expend-much-expected-brazil\/\">\n\n\t\t\n\t\t<div class=\"cd-timeline-img cd-picture\" style=\"background:#f79520;\">\n\n\t\t\t<!-- Custom Action Hook -->\n\n\t\t\t\n\t\t\t\t<!-- Standard Font Awesome Icon -->\n\n\t\t\t\t<span class=\"fa fa-newspaper-o\" title=\"Why E-commerce didn\u2019t expend as much as expected in Brazil\"><\/span>\n\n\t\t\t\n\t\t<\/div> <!-- cd-timeline-img -->\n\t\n\t\t<\/a>\n\n\t\t\n\t<!-- Timeline Content -->\n\t<div class=\"cd-timeline-content\">\n\n\t\t\n\t\t<!-- Announcement Title -->\n\t\t<div class=\"cd-timeline-title-container\">\n\n\t\t\t\n\t\t\t<h2 class=\"cd-timeline-item-title\">\n\t\t\t\tWhy E-commerce didn\u2019t expend as much as expected in Brazil\t\t\t<\/h2>\n\n\t\t\t\t\t\t\t<strong class=\"timeline-date\">\n\t\t\t\t\t8 de junio de 2021\t\t\t\t<\/strong>\n\t\t\t\t\t\t<\/div>\n\t\t<!-- End Announcement Title -->\n\n\t\t<img loading=\"lazy\" decoding=\"async\" width=\"350\" height=\"120\" src=\"https:\/\/www.gipa.eu\/wp-content\/uploads\/2021\/06\/E-commerce_is_very_strong_in_-Brazil-350x120.png\" class=\"announcement-banner-image\" alt=\"Why E-commerce didn\u2019t expend as much as expected in Brazil\" \/>\n\t\t<!-- Announcement Excerpt -->\n\t\t<div class=\"the-excerpt\">\n\t\t\tE-commerce is very strong in Brazil, but when it comes to the automotive aftermarket, it falls far below the expectations. With more than 20 years of experience of monitoring the Brazilian market,...<a class=\"timeline-express-read-more-link\" href=\"https:\/\/www.gipa.eu\/es\/announcement\/e-commerce-didnt-expend-much-expected-brazil\/\"> Lee mas\r\n<\/a>\t\t<\/div>\n\t\t<!-- End Announcement Excerpt -->\n\n\t\t\n\t<\/div>\n\t<!-- End Timeline Content -->\n\n\t\n<\/div>\n<!-- End Timeline Block -->\n\n<div id=\"social-media-bv\" class=\"cd-timeline-block mayo 07 2021 legacy-layout announcement-24099 2021 news italia italy-es icon-style-default container-style-default\" data-container-animation=\"bounce-in\" data-icon-animation=\"bounce-in\">\n\n\t\n\t\t<a class=\"cd-timeline-icon-link\" href=\"https:\/\/www.gipa.eu\/es\/announcement\/social-media-bv\/\">\n\n\t\t\n\t\t<div class=\"cd-timeline-img cd-picture\" style=\"background:#f79520;\">\n\n\t\t\t<!-- Custom Action Hook -->\n\n\t\t\t\n\t\t\t\t<!-- Standard Font Awesome Icon -->\n\n\t\t\t\t<span class=\"fa fa-newspaper-o\" title=\"Social media BV\"><\/span>\n\n\t\t\t\n\t\t<\/div> <!-- cd-timeline-img -->\n\t\n\t\t<\/a>\n\n\t\t\n\t<!-- Timeline Content -->\n\t<div class=\"cd-timeline-content\">\n\n\t\t\n\t\t<!-- Announcement Title -->\n\t\t<div class=\"cd-timeline-title-container\">\n\n\t\t\t\n\t\t\t<h2 class=\"cd-timeline-item-title\">\n\t\t\t\tSocial media BV\t\t\t<\/h2>\n\n\t\t\t\t\t\t\t<strong class=\"timeline-date\">\n\t\t\t\t\t7 de mayo de 2021\t\t\t\t<\/strong>\n\t\t\t\t\t\t<\/div>\n\t\t<!-- End Announcement Title -->\n\n\t\t<img loading=\"lazy\" decoding=\"async\" width=\"350\" height=\"120\" src=\"https:\/\/www.gipa.eu\/wp-content\/uploads\/2021\/05\/the_market_recovery-350x120.png\" class=\"announcement-banner-image\" alt=\"Social media BV\" \/>\n\t\t<!-- Announcement Excerpt -->\n\t\t<div class=\"the-excerpt\">\n\t\t\tAgain in 2021, Italy will manage its largest domestic car population ever, despite low registration levels in 2020. The growing shares of new technologies is impactful at the moment due to low volume...<a class=\"timeline-express-read-more-link\" href=\"https:\/\/www.gipa.eu\/es\/announcement\/social-media-bv\/\"> Lee mas\r\n<\/a>\t\t<\/div>\n\t\t<!-- End Announcement Excerpt -->\n\n\t\t\n\t<\/div>\n\t<!-- End Timeline Content -->\n\n\t\n<\/div>\n<!-- End Timeline Block -->\n\n<div id=\"macroeconomic-situation-in-russia-aftersales-market-in-recovery-or-stagnation\" class=\"cd-timeline-block abril 02 2021 legacy-layout announcement-23972 2021 news rusia russia-es icon-style-default container-style-default\" data-container-animation=\"bounce-in\" data-icon-animation=\"bounce-in\">\n\n\t\n\t\t<a class=\"cd-timeline-icon-link\" href=\"https:\/\/www.gipa.eu\/es\/announcement\/macroeconomic-situation-russia-aftersales-market-recovery-stagnation\/\">\n\n\t\t\n\t\t<div class=\"cd-timeline-img cd-picture\" style=\"background:#f79520;\">\n\n\t\t\t<!-- Custom Action Hook -->\n\n\t\t\t\n\t\t\t\t<!-- Standard Font Awesome Icon -->\n\n\t\t\t\t<span class=\"fa fa-newspaper-o\" title=\"Macroeconomic situation in Russia. Aftersales market in recovery or stagnation?\"><\/span>\n\n\t\t\t\n\t\t<\/div> <!-- cd-timeline-img -->\n\t\n\t\t<\/a>\n\n\t\t\n\t<!-- Timeline Content -->\n\t<div class=\"cd-timeline-content\">\n\n\t\t\n\t\t<!-- Announcement Title -->\n\t\t<div class=\"cd-timeline-title-container\">\n\n\t\t\t\n\t\t\t<h2 class=\"cd-timeline-item-title\">\n\t\t\t\tMacroeconomic situation in Russia. Aftersales market in recovery or stagnation?\t\t\t<\/h2>\n\n\t\t\t\t\t\t\t<strong class=\"timeline-date\">\n\t\t\t\t\t2 de abril de 2021\t\t\t\t<\/strong>\n\t\t\t\t\t\t<\/div>\n\t\t<!-- End Announcement Title -->\n\n\t\t<img loading=\"lazy\" decoding=\"async\" width=\"350\" height=\"120\" src=\"https:\/\/www.gipa.eu\/wp-content\/uploads\/2021\/04\/macroeconomic_situation_in_Russia-350x120.png\" class=\"announcement-banner-image\" alt=\"Macroeconomic situation in Russia. Aftersales market in recovery or stagnation?\" \/>\n\t\t<!-- Announcement Excerpt -->\n\t\t<div class=\"the-excerpt\">\n\t\t\tFor sure COVID-19 left a dramatic impact worldwide and particularly in Russia. 4.4 million people were infected year-to-date, and 2 months of isolation since March 2020 resulted in serious challenges...<a class=\"timeline-express-read-more-link\" href=\"https:\/\/www.gipa.eu\/es\/announcement\/macroeconomic-situation-russia-aftersales-market-recovery-stagnation\/\"> Lee mas\r\n<\/a>\t\t<\/div>\n\t\t<!-- End Announcement Excerpt -->\n\n\t\t\n\t<\/div>\n\t<!-- End Timeline Content -->\n\n\t\n<\/div>\n<!-- End Timeline Block -->\n\n<div id=\"eric-devos-president-of-gipa-took-part-of-the-recent-journal-de-lautomobile-trophy\" class=\"cd-timeline-block febrero 18 2021 legacy-layout announcement-no-image announcement-23511 2021 news france-es francia icon-style-default container-style-default\" data-container-animation=\"bounce-in\" data-icon-animation=\"bounce-in\">\n\n\t\n\t\t<a class=\"cd-timeline-icon-link\" href=\"https:\/\/www.gipa.eu\/es\/announcement\/eric-devos-president-gipa-took-part-recent-journal-de-lautomobile-trophy\/\">\n\n\t\t\n\t\t<div class=\"cd-timeline-img cd-picture\" style=\"background:#f79520;\">\n\n\t\t\t<!-- Custom Action Hook -->\n\n\t\t\t\n\t\t\t\t<!-- Standard Font Awesome Icon -->\n\n\t\t\t\t<span class=\"fa fa-youtube\" title=\"Eric Devos, President of GiPA, took part of the recent \u2018Journal de l\u2019Automobile\u2019 Trophy\"><\/span>\n\n\t\t\t\n\t\t<\/div> <!-- cd-timeline-img -->\n\t\n\t\t<\/a>\n\n\t\t\n\t<!-- Timeline Content -->\n\t<div class=\"cd-timeline-content\">\n\n\t\t\n\t\t<!-- Announcement Title -->\n\t\t<div class=\"cd-timeline-title-container\">\n\n\t\t\t\n\t\t\t<h2 class=\"cd-timeline-item-title\">\n\t\t\t\tEric Devos, President of GiPA, took part of the recent \u2018Journal de l\u2019Automobile\u2019 Trophy\t\t\t<\/h2>\n\n\t\t\t\t\t\t\t<strong class=\"timeline-date\">\n\t\t\t\t\t18 de febrero de 2021\t\t\t\t<\/strong>\n\t\t\t\t\t\t<\/div>\n\t\t<!-- End Announcement Title -->\n\n\t\t\n\t\t<!-- Announcement Excerpt -->\n\t\t<div class=\"the-excerpt\">\n\t\t\tGreat opportunity to speak about the French automotive<a class=\"timeline-express-read-more-link\" href=\"https:\/\/www.gipa.eu\/es\/announcement\/eric-devos-president-gipa-took-part-recent-journal-de-lautomobile-trophy\/\"> Lee mas\r\n<\/a>\t\t<\/div>\n\t\t<!-- End Announcement Excerpt -->\n\n\t\t\n\t<\/div>\n\t<!-- End Timeline Content -->\n\n\t\n<\/div>\n<!-- End Timeline Block -->\n\n<div id=\"alternative-engines-when-would-they-impact-the-aftermarket-in-mexico\" class=\"cd-timeline-block febrero 09 2021 legacy-layout announcement-23399 2021 news mexico-es icon-style-default container-style-default\" data-container-animation=\"bounce-in\" data-icon-animation=\"bounce-in\">\n\n\t\n\t\t<a class=\"cd-timeline-icon-link\" href=\"https:\/\/www.gipa.eu\/es\/announcement\/alternative-engines-impact-aftermarket-mexico\/\">\n\n\t\t\n\t\t<div class=\"cd-timeline-img cd-picture\" style=\"background:#f79520;\">\n\n\t\t\t<!-- Custom Action Hook -->\n\n\t\t\t\n\t\t\t\t<!-- Standard Font Awesome Icon -->\n\n\t\t\t\t<span class=\"fa fa-newspaper-o\" title=\"Alternative engines: When would they impact the aftermarket in Mexico?\"><\/span>\n\n\t\t\t\n\t\t<\/div> <!-- cd-timeline-img -->\n\t\n\t\t<\/a>\n\n\t\t\n\t<!-- Timeline Content -->\n\t<div class=\"cd-timeline-content\">\n\n\t\t\n\t\t<!-- Announcement Title -->\n\t\t<div class=\"cd-timeline-title-container\">\n\n\t\t\t\n\t\t\t<h2 class=\"cd-timeline-item-title\">\n\t\t\t\tAlternative engines: When would they impact the aftermarket in Mexico?\t\t\t<\/h2>\n\n\t\t\t\t\t\t\t<strong class=\"timeline-date\">\n\t\t\t\t\t9 de febrero de 2021\t\t\t\t<\/strong>\n\t\t\t\t\t\t<\/div>\n\t\t<!-- End Announcement Title -->\n\n\t\t<img loading=\"lazy\" decoding=\"async\" width=\"350\" height=\"120\" src=\"https:\/\/www.gipa.eu\/wp-content\/uploads\/2021\/02\/aftermarket_business_in_Mexico-350x120.png\" class=\"announcement-banner-image\" alt=\"Alternative engines: When would they impact the aftermarket in Mexico?\" \/>\n\t\t<!-- Announcement Excerpt -->\n\t\t<div class=\"the-excerpt\">\n\t\t\tThe size of the aftermarket business in Mexico has been affected in recent years by several variables. Drivers are making less workshop entries and car registrations have been on the decline since...<a class=\"timeline-express-read-more-link\" href=\"https:\/\/www.gipa.eu\/es\/announcement\/alternative-engines-impact-aftermarket-mexico\/\"> Lee mas\r\n<\/a>\t\t<\/div>\n\t\t<!-- End Announcement Excerpt -->\n\n\t\t\n\t<\/div>\n\t<!-- End Timeline Content -->\n\n\t\n<\/div>\n<!-- End Timeline Block -->\n\n<div id=\"the-portuguese-hybridization-roll-back\" class=\"cd-timeline-block enero 12 2021 legacy-layout announcement-23133 2021 news portugal-es icon-style-default container-style-default\" data-container-animation=\"bounce-in\" data-icon-animation=\"bounce-in\">\n\n\t\n\t\t<a class=\"cd-timeline-icon-link\" href=\"https:\/\/www.gipa.eu\/es\/announcement\/portuguese-hybridization-roll-back\/\">\n\n\t\t\n\t\t<div class=\"cd-timeline-img cd-picture\" style=\"background:#f79520;\">\n\n\t\t\t<!-- Custom Action Hook -->\n\n\t\t\t\n\t\t\t\t<!-- Standard Font Awesome Icon -->\n\n\t\t\t\t<span class=\"fa fa-newspaper-o\" title=\"The Portuguese hybridization roll-back\"><\/span>\n\n\t\t\t\n\t\t<\/div> <!-- cd-timeline-img -->\n\t\n\t\t<\/a>\n\n\t\t\n\t<!-- Timeline Content -->\n\t<div class=\"cd-timeline-content\">\n\n\t\t\n\t\t<!-- Announcement Title -->\n\t\t<div class=\"cd-timeline-title-container\">\n\n\t\t\t\n\t\t\t<h2 class=\"cd-timeline-item-title\">\n\t\t\t\tThe Portuguese hybridization roll-back\t\t\t<\/h2>\n\n\t\t\t\t\t\t\t<strong class=\"timeline-date\">\n\t\t\t\t\t12 de enero de 2021\t\t\t\t<\/strong>\n\t\t\t\t\t\t<\/div>\n\t\t<!-- End Announcement Title -->\n\n\t\t<img loading=\"lazy\" decoding=\"async\" width=\"350\" height=\"120\" src=\"https:\/\/www.gipa.eu\/wp-content\/uploads\/2021\/01\/Portuguese_economical_solutions-350x120.jpg\" class=\"announcement-banner-image\" alt=\"The Portuguese hybridization roll-back\" \/>\n\t\t<!-- Announcement Excerpt -->\n\t\t<div class=\"the-excerpt\">\n\t\t\tThe new Portuguese state budget agreed at the end of Novemberis now in effect. In 2021, hybrids (PHEV and MEV) with a minimum electrical range of 50 km, will have less discounts on the ISV (New Car...<a class=\"timeline-express-read-more-link\" href=\"https:\/\/www.gipa.eu\/es\/announcement\/portuguese-hybridization-roll-back\/\"> Lee mas\r\n<\/a>\t\t<\/div>\n\t\t<!-- End Announcement Excerpt -->\n\n\t\t\n\t<\/div>\n\t<!-- End Timeline Content -->\n\n\t\n<\/div>\n<!-- End Timeline Block -->\n\n<div id=\"characteristics-of-the-polish-car-parc-and-its-impact-on-the-drivers-behaviour\" class=\"cd-timeline-block diciembre 01 2020 legacy-layout announcement-22490 2020 news poland-es polonia icon-style-default container-style-default\" data-container-animation=\"bounce-in\" data-icon-animation=\"bounce-in\">\n\n\t\n\t\t<a class=\"cd-timeline-icon-link\" href=\"https:\/\/www.gipa.eu\/es\/announcement\/characteristics-polish-car-parc-impact-drivers-behaviour\/\">\n\n\t\t\n\t\t<div class=\"cd-timeline-img cd-picture\" style=\"background:#f79520;\">\n\n\t\t\t<!-- Custom Action Hook -->\n\n\t\t\t\n\t\t\t\t<!-- Standard Font Awesome Icon -->\n\n\t\t\t\t<span class=\"fa fa-newspaper-o\" title=\"Characteristics of the Polish car parc and its impact on the drivers behaviour.\"><\/span>\n\n\t\t\t\n\t\t<\/div> <!-- cd-timeline-img -->\n\t\n\t\t<\/a>\n\n\t\t\n\t<!-- Timeline Content -->\n\t<div class=\"cd-timeline-content\">\n\n\t\t\n\t\t<!-- Announcement Title -->\n\t\t<div class=\"cd-timeline-title-container\">\n\n\t\t\t\n\t\t\t<h2 class=\"cd-timeline-item-title\">\n\t\t\t\tCharacteristics of the Polish car parc and its impact on the drivers behaviour.\t\t\t<\/h2>\n\n\t\t\t\t\t\t\t<strong class=\"timeline-date\">\n\t\t\t\t\t1 de diciembre de 2020\t\t\t\t<\/strong>\n\t\t\t\t\t\t<\/div>\n\t\t<!-- End Announcement Title -->\n\n\t\t<img loading=\"lazy\" decoding=\"async\" width=\"350\" height=\"120\" src=\"https:\/\/www.gipa.eu\/wp-content\/uploads\/2020\/12\/Polish_car_parc-and_its-impact_on_the_drivers-350x120.jpeg\" class=\"announcement-banner-image\" alt=\"Characteristics of the Polish car parc and its impact on the drivers behaviour.\" \/>\n\t\t<!-- Announcement Excerpt -->\n\t\t<div class=\"the-excerpt\">\n\t\t\tThe Polish car parc it has a huge impact on the car parc structure and drivers behaviour. In most of the European countries size, age and structure of the car parc is directly related to sales of new...<a class=\"timeline-express-read-more-link\" href=\"https:\/\/www.gipa.eu\/es\/announcement\/characteristics-polish-car-parc-impact-drivers-behaviour\/\"> Lee mas\r\n<\/a>\t\t<\/div>\n\t\t<!-- End Announcement Excerpt -->\n\n\t\t\n\t<\/div>\n\t<!-- End Timeline Content -->\n\n\t\n<\/div>\n<!-- End Timeline Block -->\n\n<div id=\"outlook-of-the-aftermarket-business-recovery-in-brazil\" class=\"cd-timeline-block noviembre 05 2020 legacy-layout announcement-22155 2020 news brasil brazil-es icon-style-default container-style-default\" data-container-animation=\"bounce-in\" data-icon-animation=\"bounce-in\">\n\n\t\n\t\t<a class=\"cd-timeline-icon-link\" href=\"https:\/\/www.gipa.eu\/es\/announcement\/outlook-aftermarket-business-recovery-brazil\/\">\n\n\t\t\n\t\t<div class=\"cd-timeline-img cd-picture\" style=\"background:#f79520;\">\n\n\t\t\t<!-- Custom Action Hook -->\n\n\t\t\t\n\t\t\t\t<!-- Standard Font Awesome Icon -->\n\n\t\t\t\t<span class=\"fa fa-newspaper-o\" title=\"Outlook of the aftermarket business recovery in Brazil\"><\/span>\n\n\t\t\t\n\t\t<\/div> <!-- cd-timeline-img -->\n\t\n\t\t<\/a>\n\n\t\t\n\t<!-- Timeline Content -->\n\t<div class=\"cd-timeline-content\">\n\n\t\t\n\t\t<!-- Announcement Title -->\n\t\t<div class=\"cd-timeline-title-container\">\n\n\t\t\t\n\t\t\t<h2 class=\"cd-timeline-item-title\">\n\t\t\t\tOutlook of the aftermarket business recovery in Brazil\t\t\t<\/h2>\n\n\t\t\t\t\t\t\t<strong class=\"timeline-date\">\n\t\t\t\t\t5 de noviembre de 2020\t\t\t\t<\/strong>\n\t\t\t\t\t\t<\/div>\n\t\t<!-- End Announcement Title -->\n\n\t\t<img loading=\"lazy\" decoding=\"async\" width=\"350\" height=\"120\" src=\"https:\/\/www.gipa.eu\/wp-content\/uploads\/2020\/11\/aftermarket-business_recovery-in-Brazil-350x120.jpg\" class=\"announcement-banner-image\" alt=\"Outlook of the aftermarket business recovery in Brazil\" \/>\n\t\t<!-- Announcement Excerpt -->\n\t\t<div class=\"the-excerpt\">\n\t\t\tThe Brazilian recovery speed from the Covid-19 crisis surprises specialists and poses the question: is it sustainable or shall we expect a relapse? What about the aftermarket? Since the beginning of...<a class=\"timeline-express-read-more-link\" href=\"https:\/\/www.gipa.eu\/es\/announcement\/outlook-aftermarket-business-recovery-brazil\/\"> Lee mas\r\n<\/a>\t\t<\/div>\n\t\t<!-- End Announcement Excerpt -->\n\n\t\t\n\t<\/div>\n\t<!-- End Timeline Content -->\n\n\t\n<\/div>\n<!-- End Timeline Block -->\n\n<div id=\"in-the-post-epidemic-era-does-the-situation-of-shared-mobility-create-more-opportunities-or-challenges-in-the-chinese-market\" class=\"cd-timeline-block octubre 01 2020 legacy-layout announcement-21760 2020 news china-es icon-style-default container-style-default\" data-container-animation=\"bounce-in\" data-icon-animation=\"bounce-in\">\n\n\t\n\t\t<a class=\"cd-timeline-icon-link\" href=\"https:\/\/www.gipa.eu\/es\/announcement\/post-epidemic-era-situation-shared-mobility-create-opportunities-challenges-chinese-market\/\">\n\n\t\t\n\t\t<div class=\"cd-timeline-img cd-picture\" style=\"background:#f79520;\">\n\n\t\t\t<!-- Custom Action Hook -->\n\n\t\t\t\n\t\t\t\t<!-- Standard Font Awesome Icon -->\n\n\t\t\t\t<span class=\"fa fa-newspaper-o\" title=\"In the post epidemic era, does the situation of shared mobility create more opportunities or challenges in the Chinese market?\"><\/span>\n\n\t\t\t\n\t\t<\/div> <!-- cd-timeline-img -->\n\t\n\t\t<\/a>\n\n\t\t\n\t<!-- Timeline Content -->\n\t<div class=\"cd-timeline-content\">\n\n\t\t\n\t\t<!-- Announcement Title -->\n\t\t<div class=\"cd-timeline-title-container\">\n\n\t\t\t\n\t\t\t<h2 class=\"cd-timeline-item-title\">\n\t\t\t\tIn the post epidemic era, does the situation of shared mobility create more opportunities or challenges in the Chinese market?\t\t\t<\/h2>\n\n\t\t\t\t\t\t\t<strong class=\"timeline-date\">\n\t\t\t\t\t1 de octubre de 2020\t\t\t\t<\/strong>\n\t\t\t\t\t\t<\/div>\n\t\t<!-- End Announcement Title -->\n\n\t\t<img loading=\"lazy\" decoding=\"async\" width=\"350\" height=\"120\" src=\"https:\/\/www.gipa.eu\/wp-content\/uploads\/2020\/10\/Chinese_market-after_the_-COVID-19-350x120.png\" class=\"announcement-banner-image\" alt=\"In the post epidemic era, does the situation of shared mobility create more opportunities or challenges in the Chinese market?\" \/>\n\t\t<!-- Announcement Excerpt -->\n\t\t<div class=\"the-excerpt\">\n\t\t\tThe people&#8217;s demand for healthy travel is linked to the development of shared mobility Compared with other cluster travel modes such as trains and buses, the health security of shared mobility...<a class=\"timeline-express-read-more-link\" href=\"https:\/\/www.gipa.eu\/es\/announcement\/post-epidemic-era-situation-shared-mobility-create-opportunities-challenges-chinese-market\/\"> Lee mas\r\n<\/a>\t\t<\/div>\n\t\t<!-- End Announcement Excerpt -->\n\n\t\t\n\t<\/div>\n\t<!-- End Timeline Content -->\n\n\t\n<\/div>\n<!-- End Timeline Block -->\n\n<div id=\"the-importance-of-used-cars-for-the-uk-aftermarket-is-intensified-by-the-covid-19-crisis\" class=\"cd-timeline-block septiembre 03 2020 legacy-layout announcement-21204 2020 news reino-unido united-kingdom-es icon-style-default container-style-default\" data-container-animation=\"bounce-in\" data-icon-animation=\"bounce-in\">\n\n\t\n\t\t<a class=\"cd-timeline-icon-link\" href=\"https:\/\/www.gipa.eu\/es\/announcement\/importance-used-cars-uk-aftermarket-intensified-covid-19-crisis\/\">\n\n\t\t\n\t\t<div class=\"cd-timeline-img cd-picture\" style=\"background:#f79520;\">\n\n\t\t\t<!-- Custom Action Hook -->\n\n\t\t\t\n\t\t\t\t<!-- Standard Font Awesome Icon -->\n\n\t\t\t\t<span class=\"fa fa-newspaper-o\" title=\"The importance of used cars for the UK aftermarket is intensified by the Covid-19 crisis\"><\/span>\n\n\t\t\t\n\t\t<\/div> <!-- cd-timeline-img -->\n\t\n\t\t<\/a>\n\n\t\t\n\t<!-- Timeline Content -->\n\t<div class=\"cd-timeline-content\">\n\n\t\t\n\t\t<!-- Announcement Title -->\n\t\t<div class=\"cd-timeline-title-container\">\n\n\t\t\t\n\t\t\t<h2 class=\"cd-timeline-item-title\">\n\t\t\t\tThe importance of used cars for the UK aftermarket is intensified by the Covid-19 crisis\t\t\t<\/h2>\n\n\t\t\t\t\t\t\t<strong class=\"timeline-date\">\n\t\t\t\t\t3 de septiembre de 2020\t\t\t\t<\/strong>\n\t\t\t\t\t\t<\/div>\n\t\t<!-- End Announcement Title -->\n\n\t\t<img loading=\"lazy\" decoding=\"async\" width=\"350\" height=\"120\" src=\"https:\/\/www.gipa.eu\/wp-content\/uploads\/2020\/09\/cars-for-the-UK-aftermarket-350x120.jpeg\" class=\"announcement-banner-image\" alt=\"The importance of used cars for the UK aftermarket is intensified by the Covid-19 crisis\" \/>\n\t\t<!-- Announcement Excerpt -->\n\t\t<div class=\"the-excerpt\">\n\t\t\tWith approximately 7.9 million used passenger cars sold in 2019, the UK has the highest used car volume of all the EU5 countries (France, Germany, Italy, Spain, and the United Kingdom). In proportion...<a class=\"timeline-express-read-more-link\" href=\"https:\/\/www.gipa.eu\/es\/announcement\/importance-used-cars-uk-aftermarket-intensified-covid-19-crisis\/\"> Lee mas\r\n<\/a>\t\t<\/div>\n\t\t<!-- End Announcement Excerpt -->\n\n\t\t\n\t<\/div>\n\t<!-- End Timeline Content -->\n\n\t\n<\/div>\n<!-- End Timeline Block -->\n\n<div id=\"director-of-gipa-brazil-pilots-a-formula-vee-for-the-first-time-at-interlagos-and-guarantees-the-podium\" class=\"cd-timeline-block agosto 12 2020 legacy-layout announcement-21082 2020 news brasil brazil-es icon-style-default container-style-default\" data-container-animation=\"bounce-in\" data-icon-animation=\"bounce-in\">\n\n\t\n\t\t<a class=\"cd-timeline-icon-link\" href=\"https:\/\/www.gipa.eu\/es\/announcement\/director-gipa-brazil-pilots-formula-vee-first-time-interlagos-guarantees-podium\/\">\n\n\t\t\n\t\t<div class=\"cd-timeline-img cd-picture\" style=\"background:#f79520;\">\n\n\t\t\t<!-- Custom Action Hook -->\n\n\t\t\t\n\t\t\t\t<!-- Standard Font Awesome Icon -->\n\n\t\t\t\t<span class=\"fa fa-newspaper-o\" title=\"Director of GiPA Brazil pilots a Formula Vee for the  first time at Interlagos and guarantees the podium\"><\/span>\n\n\t\t\t\n\t\t<\/div> <!-- cd-timeline-img -->\n\t\n\t\t<\/a>\n\n\t\t\n\t<!-- Timeline Content -->\n\t<div class=\"cd-timeline-content\">\n\n\t\t\n\t\t<!-- Announcement Title -->\n\t\t<div class=\"cd-timeline-title-container\">\n\n\t\t\t\n\t\t\t<h2 class=\"cd-timeline-item-title\">\n\t\t\t\tDirector of GiPA Brazil pilots a Formula Vee for the  first time at Interlagos and guarantees the podium\t\t\t<\/h2>\n\n\t\t\t\t\t\t\t<strong class=\"timeline-date\">\n\t\t\t\t\t12 de agosto de 2020\t\t\t\t<\/strong>\n\t\t\t\t\t\t<\/div>\n\t\t<!-- End Announcement Title -->\n\n\t\t<img loading=\"lazy\" decoding=\"async\" width=\"350\" height=\"120\" src=\"https:\/\/www.gipa.eu\/wp-content\/uploads\/2020\/09\/LG-pista-350x120.jpg\" class=\"announcement-banner-image\" alt=\"Director of GiPA Brazil pilots a Formula Vee for the  first time at Interlagos and guarantees the podium\" \/>\n\t\t<!-- Announcement Excerpt -->\n\t\t<div class=\"the-excerpt\">\n\t\t\tLaurent Guerinaud, director of GiPA do Brasil, a Frenchman living in the country for 10 years, came back to car racing this weekend (08-09\/08\/2020). In the four races played, he climbed 3 times to...<a class=\"timeline-express-read-more-link\" href=\"https:\/\/www.gipa.eu\/es\/announcement\/director-gipa-brazil-pilots-formula-vee-first-time-interlagos-guarantees-podium\/\"> Lee mas\r\n<\/a>\t\t<\/div>\n\t\t<!-- End Announcement Excerpt -->\n\n\t\t\n\t<\/div>\n\t<!-- End Timeline Content -->\n\n\t\n<\/div>\n<!-- End Timeline Block -->\n\n<div id=\"the-new-customers-of-the-argentine-automotive-market-and-industry\" class=\"cd-timeline-block agosto 04 2020 legacy-layout announcement-20527 2020 news argentina-es %e3%82%a2%e3%83%ab%e3%82%bc%e3%83%b3%e3%83%81%e3%83%b3-es %e3%82%a2%e3%83%ab%e3%82%bc%e3%83%b3%e3%83%81%e3%83%b3-2-es icon-style-default container-style-default\" data-container-animation=\"bounce-in\" data-icon-animation=\"bounce-in\">\n\n\t\n\t\t<a class=\"cd-timeline-icon-link\" href=\"https:\/\/www.gipa.eu\/es\/announcement\/new-customers-argentine-automotive-market-industry\/\">\n\n\t\t\n\t\t<div class=\"cd-timeline-img cd-picture\" style=\"background:#f79520;\">\n\n\t\t\t<!-- Custom Action Hook -->\n\n\t\t\t\n\t\t\t\t<!-- Standard Font Awesome Icon -->\n\n\t\t\t\t<span class=\"fa fa-newspaper-o\" title=\"The new customers of the Argentine automotive market and industry\"><\/span>\n\n\t\t\t\n\t\t<\/div> <!-- cd-timeline-img -->\n\t\n\t\t<\/a>\n\n\t\t\n\t<!-- Timeline Content -->\n\t<div class=\"cd-timeline-content\">\n\n\t\t\n\t\t<!-- Announcement Title -->\n\t\t<div class=\"cd-timeline-title-container\">\n\n\t\t\t\n\t\t\t<h2 class=\"cd-timeline-item-title\">\n\t\t\t\tThe new customers of the Argentine automotive market and industry\t\t\t<\/h2>\n\n\t\t\t\t\t\t\t<strong class=\"timeline-date\">\n\t\t\t\t\t4 de agosto de 2020\t\t\t\t<\/strong>\n\t\t\t\t\t\t<\/div>\n\t\t<!-- End Announcement Title -->\n\n\t\t<img loading=\"lazy\" decoding=\"async\" width=\"350\" height=\"120\" src=\"https:\/\/www.gipa.eu\/wp-content\/uploads\/2020\/08\/argentina_covid-350x120.jpg\" class=\"announcement-banner-image\" alt=\"The new customers of the Argentine automotive market and industry\" \/>\n\t\t<!-- Announcement Excerpt -->\n\t\t<div class=\"the-excerpt\">\n\t\t\tLearn more about the factors on the recovery rate the Argentine automotive market and industry will have in the face of the financial crisis due to the covid19. Argentina is not unaffected by the...<a class=\"timeline-express-read-more-link\" href=\"https:\/\/www.gipa.eu\/es\/announcement\/new-customers-argentine-automotive-market-industry\/\"> Lee mas\r\n<\/a>\t\t<\/div>\n\t\t<!-- End Announcement Excerpt -->\n\n\t\t\n\t<\/div>\n\t<!-- End Timeline Content -->\n\n\t\n<\/div>\n<!-- End Timeline Block -->\n\n<div id=\"what-are-the-prospects-for-the-after-sales-in-france\" class=\"cd-timeline-block julio 27 2020 legacy-layout announcement-20326 2020 news france-es francia icon-style-default container-style-default\" data-container-animation=\"bounce-in\" data-icon-animation=\"bounce-in\">\n\n\t\n\t\t<a class=\"cd-timeline-icon-link\" href=\"https:\/\/www.gipa.eu\/es\/announcement\/20256-2\/\">\n\n\t\t\n\t\t<div class=\"cd-timeline-img cd-picture\" style=\"background:#f79520;\">\n\n\t\t\t<!-- Custom Action Hook -->\n\n\t\t\t\n\t\t\t\t<!-- Standard Font Awesome Icon -->\n\n\t\t\t\t<span class=\"fa fa-newspaper-o\" title=\"What are the prospects for the after-sales in France?\"><\/span>\n\n\t\t\t\n\t\t<\/div> <!-- cd-timeline-img -->\n\t\n\t\t<\/a>\n\n\t\t\n\t<!-- Timeline Content -->\n\t<div class=\"cd-timeline-content\">\n\n\t\t\n\t\t<!-- Announcement Title -->\n\t\t<div class=\"cd-timeline-title-container\">\n\n\t\t\t\n\t\t\t<h2 class=\"cd-timeline-item-title\">\n\t\t\t\tWhat are the prospects for the after-sales in France?\t\t\t<\/h2>\n\n\t\t\t\t\t\t\t<strong class=\"timeline-date\">\n\t\t\t\t\t27 de julio de 2020\t\t\t\t<\/strong>\n\t\t\t\t\t\t<\/div>\n\t\t<!-- End Announcement Title -->\n\n\t\t<img loading=\"lazy\" decoding=\"async\" width=\"350\" height=\"120\" src=\"https:\/\/www.gipa.eu\/wp-content\/uploads\/2020\/07\/img1-350x120.png\" class=\"announcement-banner-image\" alt=\"What are the prospects for the after-sales in France?\" \/>\n\t\t<!-- Announcement Excerpt -->\n\t\t<div class=\"the-excerpt\">\n\t\t\tMore than three months after the beginning of the lockdown, we have taken a new step following the announcements made on 14th June, i.e. the opening of restaurants and schools, towards &#8211; what...<a class=\"timeline-express-read-more-link\" href=\"https:\/\/www.gipa.eu\/es\/announcement\/20256-2\/\"> Lee mas\r\n<\/a>\t\t<\/div>\n\t\t<!-- End Announcement Excerpt -->\n\n\t\t\n\t<\/div>\n\t<!-- End Timeline Content -->\n\n\t\n<\/div>\n<!-- End Timeline Block -->\n\n<div id=\"why-are-germanys-car-repairers-doing-so-well-during-the-coronavirus-crisis\" class=\"cd-timeline-block junio 02 2020 legacy-layout announcement-19822 2020 news alemania germany-es icon-style-default container-style-default\" data-container-animation=\"bounce-in\" data-icon-animation=\"bounce-in\">\n\n\t\n\t\t<a class=\"cd-timeline-icon-link\" href=\"https:\/\/www.gipa.eu\/es\/announcement\/germanys-car-repairers-well-coronavirus-crisis\/\">\n\n\t\t\n\t\t<div class=\"cd-timeline-img cd-picture\" style=\"background:#f79520;\">\n\n\t\t\t<!-- Custom Action Hook -->\n\n\t\t\t\n\t\t\t\t<!-- Standard Font Awesome Icon -->\n\n\t\t\t\t<span class=\"fa fa-newspaper-o\" title=\"Why are Germany\u00b4s car repairers doing so well during the Coronavirus crisis?\"><\/span>\n\n\t\t\t\n\t\t<\/div> <!-- cd-timeline-img -->\n\t\n\t\t<\/a>\n\n\t\t\n\t<!-- Timeline Content -->\n\t<div class=\"cd-timeline-content\">\n\n\t\t\n\t\t<!-- Announcement Title -->\n\t\t<div class=\"cd-timeline-title-container\">\n\n\t\t\t\n\t\t\t<h2 class=\"cd-timeline-item-title\">\n\t\t\t\tWhy are Germany\u00b4s car repairers doing so well during the Coronavirus crisis?\t\t\t<\/h2>\n\n\t\t\t\t\t\t\t<strong class=\"timeline-date\">\n\t\t\t\t\t2 de junio de 2020\t\t\t\t<\/strong>\n\t\t\t\t\t\t<\/div>\n\t\t<!-- End Announcement Title -->\n\n\t\t<img loading=\"lazy\" decoding=\"async\" width=\"350\" height=\"120\" src=\"https:\/\/www.gipa.eu\/wp-content\/uploads\/2020\/06\/img1-350x120.jpg\" class=\"announcement-banner-image\" alt=\"Why are Germany\u00b4s car repairers doing so well during the Coronavirus crisis?\" \/>\n\t\t<!-- Announcement Excerpt -->\n\t\t<div class=\"the-excerpt\">\n\t\t\tPar rapport \u00e0 d&#8217;autres march\u00e9s europ\u00e9ens, l&#8217;Allemagne se porte relativement bien sur le march\u00e9 secondaire de l&#8217;automobile pendant la crise des coronavirus. Alors que nous...<a class=\"timeline-express-read-more-link\" href=\"https:\/\/www.gipa.eu\/es\/announcement\/germanys-car-repairers-well-coronavirus-crisis\/\"> Lee mas\r\n<\/a>\t\t<\/div>\n\t\t<!-- End Announcement Excerpt -->\n\n\t\t\n\t<\/div>\n\t<!-- End Timeline Content -->\n\n\t\n<\/div>\n<!-- End Timeline Block -->\n\n<div id=\"perspective-of-the-aftermarket-business-in-italy\" class=\"cd-timeline-block mayo 13 2020 legacy-layout announcement-19609 2020 news italia italy-es %e3%82%a4%e3%82%bf%e3%83%aa%e3%82%a2-es %e3%82%a4%e3%82%bf%e3%83%aa%e3%82%a2-2-es icon-style-default container-style-default\" data-container-animation=\"bounce-in\" data-icon-animation=\"bounce-in\">\n\n\t\n\t\t<a class=\"cd-timeline-icon-link\" href=\"https:\/\/www.gipa.eu\/es\/announcement\/perspective-aftermarket-business-italy\/\">\n\n\t\t\n\t\t<div class=\"cd-timeline-img cd-picture\" style=\"background:#f79520;\">\n\n\t\t\t<!-- Custom Action Hook -->\n\n\t\t\t\n\t\t\t\t<!-- Standard Font Awesome Icon -->\n\n\t\t\t\t<span class=\"fa fa-newspaper-o\" title=\"Perspective of the aftermarket business in Italy\"><\/span>\n\n\t\t\t\n\t\t<\/div> <!-- cd-timeline-img -->\n\t\n\t\t<\/a>\n\n\t\t\n\t<!-- Timeline Content -->\n\t<div class=\"cd-timeline-content\">\n\n\t\t\n\t\t<!-- Announcement Title -->\n\t\t<div class=\"cd-timeline-title-container\">\n\n\t\t\t\n\t\t\t<h2 class=\"cd-timeline-item-title\">\n\t\t\t\tPerspective of the aftermarket business in Italy\t\t\t<\/h2>\n\n\t\t\t\t\t\t\t<strong class=\"timeline-date\">\n\t\t\t\t\t13 de mayo de 2020\t\t\t\t<\/strong>\n\t\t\t\t\t\t<\/div>\n\t\t<!-- End Announcement Title -->\n\n\t\t<img loading=\"lazy\" decoding=\"async\" width=\"350\" height=\"120\" src=\"https:\/\/www.gipa.eu\/wp-content\/uploads\/2020\/05\/situation_aftermarkt_business_in_Italy-350x120.jpg\" class=\"announcement-banner-image\" alt=\"Perspective of the aftermarket business in Italy\" \/>\n\t\t<!-- Announcement Excerpt -->\n\t\t<div class=\"the-excerpt\">\n\t\t\tL&#8217;Italie a \u00e9t\u00e9 le premier pays d&#8217;Europe occidentale \u00e0 subir l&#8217;impact de la crise de Covid-19. Le 8 mars, le gouvernement italien a quarintin\u00e9 le pays et ferm\u00e9 la plupart des...<a class=\"timeline-express-read-more-link\" href=\"https:\/\/www.gipa.eu\/es\/announcement\/perspective-aftermarket-business-italy\/\"> Lee mas\r\n<\/a>\t\t<\/div>\n\t\t<!-- End Announcement Excerpt -->\n\n\t\t\n\t<\/div>\n\t<!-- End Timeline Content -->\n\n\t\n<\/div>\n<!-- End Timeline Block -->\n\n<div id=\"russian-aftermarket-specifics-can-we-expect-a-recovery\" class=\"cd-timeline-block abril 23 2020 legacy-layout announcement-19337 2020 news rusia russia-es icon-style-default container-style-default\" data-container-animation=\"bounce-in\" data-icon-animation=\"bounce-in\">\n\n\t\n\t\t<a class=\"cd-timeline-icon-link\" href=\"https:\/\/www.gipa.eu\/es\/announcement\/russian-aftermarket-specifics-can-expect-recovery\/\">\n\n\t\t\n\t\t<div class=\"cd-timeline-img cd-picture\" style=\"background:#f79520;\">\n\n\t\t\t<!-- Custom Action Hook -->\n\n\t\t\t\n\t\t\t\t<!-- Standard Font Awesome Icon -->\n\n\t\t\t\t<span class=\"fa fa-newspaper-o\" title=\"Russian aftermarket specifics. Can we expect a recovery?\"><\/span>\n\n\t\t\t\n\t\t<\/div> <!-- cd-timeline-img -->\n\t\n\t\t<\/a>\n\n\t\t\n\t<!-- Timeline Content -->\n\t<div class=\"cd-timeline-content\">\n\n\t\t\n\t\t<!-- Announcement Title -->\n\t\t<div class=\"cd-timeline-title-container\">\n\n\t\t\t\n\t\t\t<h2 class=\"cd-timeline-item-title\">\n\t\t\t\tRussian aftermarket specifics. Can we expect a recovery?\t\t\t<\/h2>\n\n\t\t\t\t\t\t\t<strong class=\"timeline-date\">\n\t\t\t\t\t23 de abril de 2020\t\t\t\t<\/strong>\n\t\t\t\t\t\t<\/div>\n\t\t<!-- End Announcement Title -->\n\n\t\t<img loading=\"lazy\" decoding=\"async\" width=\"350\" height=\"120\" src=\"https:\/\/www.gipa.eu\/wp-content\/uploads\/2020\/04\/image-1-350x120.png\" class=\"announcement-banner-image\" alt=\"Russian aftermarket specifics. Can we expect a recovery?\" \/>\n\t\t<!-- Announcement Excerpt -->\n\t\t<div class=\"the-excerpt\">\n\t\t\tNous sommes tous en mode crise, mais quand cela frappe (comme en ce moment), les professionnels sont pr\u00eats \u00e0 prendre les d\u00e9cisions sur la base d&#8217;une analyse solide. GiPA a agi rapidement...<a class=\"timeline-express-read-more-link\" href=\"https:\/\/www.gipa.eu\/es\/announcement\/russian-aftermarket-specifics-can-expect-recovery\/\"> Lee mas\r\n<\/a>\t\t<\/div>\n\t\t<!-- End Announcement Excerpt -->\n\n\t\t\n\t<\/div>\n\t<!-- End Timeline Content -->\n\n\t\n<\/div>\n<!-- End Timeline Block -->\n\n<div id=\"covid-19-impact-on-the-5-largest-european-countries-aftermarket\" class=\"cd-timeline-block abril 17 2020 legacy-layout announcement-no-image announcement-19166 2020 news alemania espana france-es francia germany-es italia italy-es reino-unido spain-es united-kingdom-es %e3%82%a4%e3%82%bf%e3%83%aa%e3%82%a2-es %e3%82%a4%e3%82%bf%e3%83%aa%e3%82%a2-2-es icon-style-default container-style-default\" data-container-animation=\"bounce-in\" data-icon-animation=\"bounce-in\">\n\n\t\n\t\t<a class=\"cd-timeline-icon-link\" href=\"https:\/\/www.gipa.eu\/es\/announcement\/covid-19-impact-5-largest-european-countries-aftermarket\/\">\n\n\t\t\n\t\t<div class=\"cd-timeline-img cd-picture\" style=\"background:#f79520;\">\n\n\t\t\t<!-- Custom Action Hook -->\n\n\t\t\t\n\t\t\t\t<!-- Standard Font Awesome Icon -->\n\n\t\t\t\t<span class=\"fa fa-newspaper-o\" title=\"COVID-19 impact on the 5 largest European countries aftermarket\"><\/span>\n\n\t\t\t\n\t\t<\/div> <!-- cd-timeline-img -->\n\t\n\t\t<\/a>\n\n\t\t\n\t<!-- Timeline Content -->\n\t<div class=\"cd-timeline-content\">\n\n\t\t\n\t\t<!-- Announcement Title -->\n\t\t<div class=\"cd-timeline-title-container\">\n\n\t\t\t\n\t\t\t<h2 class=\"cd-timeline-item-title\">\n\t\t\t\tCOVID-19 impact on the 5 largest European countries aftermarket\t\t\t<\/h2>\n\n\t\t\t\t\t\t\t<strong class=\"timeline-date\">\n\t\t\t\t\t17 de abril de 2020\t\t\t\t<\/strong>\n\t\t\t\t\t\t<\/div>\n\t\t<!-- End Announcement Title -->\n\n\t\t\n\t\t<!-- Announcement Excerpt -->\n\t\t<div class=\"the-excerpt\">\n\t\t\t<a class=\"timeline-express-read-more-link\" href=\"https:\/\/www.gipa.eu\/es\/announcement\/covid-19-impact-5-largest-european-countries-aftermarket\/\"> Lee mas\r\n<\/a>\t\t<\/div>\n\t\t<!-- End Announcement Excerpt -->\n\n\t\t\n\t<\/div>\n\t<!-- End Timeline Content -->\n\n\t\n<\/div>\n<!-- End Timeline Block -->\n\n<div id=\"will-electric-vehicles-kill-the-spanish-independent-aftermarket\" class=\"cd-timeline-block marzo 19 2020 legacy-layout announcement-18730 2020 news espana spain-es icon-style-default container-style-default\" data-container-animation=\"bounce-in\" data-icon-animation=\"bounce-in\">\n\n\t\n\t\t<a class=\"cd-timeline-icon-link\" href=\"https:\/\/www.gipa.eu\/es\/announcement\/will-electric-vehicles-kill-spanish-independent-aftermarket-not\/\">\n\n\t\t\n\t\t<div class=\"cd-timeline-img cd-picture\" style=\"background:#f79520;\">\n\n\t\t\t<!-- Custom Action Hook -->\n\n\t\t\t\n\t\t\t\t<!-- Standard Font Awesome Icon -->\n\n\t\t\t\t<span class=\"fa fa-newspaper-o\" title=\"Will electric vehicles kill the Spanish independent aftermarket?\"><\/span>\n\n\t\t\t\n\t\t<\/div> <!-- cd-timeline-img -->\n\t\n\t\t<\/a>\n\n\t\t\n\t<!-- Timeline Content -->\n\t<div class=\"cd-timeline-content\">\n\n\t\t\n\t\t<!-- Announcement Title -->\n\t\t<div class=\"cd-timeline-title-container\">\n\n\t\t\t\n\t\t\t<h2 class=\"cd-timeline-item-title\">\n\t\t\t\tWill electric vehicles kill the Spanish independent aftermarket?\t\t\t<\/h2>\n\n\t\t\t\t\t\t\t<strong class=\"timeline-date\">\n\t\t\t\t\t19 de marzo de 2020\t\t\t\t<\/strong>\n\t\t\t\t\t\t<\/div>\n\t\t<!-- End Announcement Title -->\n\n\t\t<img loading=\"lazy\" decoding=\"async\" width=\"350\" height=\"120\" src=\"https:\/\/www.gipa.eu\/wp-content\/uploads\/2020\/03\/image-350x120.jpg\" class=\"announcement-banner-image\" alt=\"Will electric vehicles kill the Spanish independent aftermarket?\" \/>\n\t\t<!-- Announcement Excerpt -->\n\t\t<div class=\"the-excerpt\">\n\t\t\tSpain\u00b4s automotive market will have a continuous increase in sales of electric vehicles (EVs), and there is a strong concern for the traditional automotive\u00a0 stakeholders: \u00a0how will this technology...<a class=\"timeline-express-read-more-link\" href=\"https:\/\/www.gipa.eu\/es\/announcement\/will-electric-vehicles-kill-spanish-independent-aftermarket-not\/\"> Lee mas\r\n<\/a>\t\t<\/div>\n\t\t<!-- End Announcement Excerpt -->\n\n\t\t\n\t<\/div>\n\t<!-- End Timeline Content -->\n\n\t\n<\/div>\n<!-- End Timeline Block -->\n\n<div id=\"variables-that-affect-the-workshop-entries-in-the-aftermarket-in-mexico\" class=\"cd-timeline-block febrero 20 2020 legacy-layout announcement-18341 2020 news mexico-es icon-style-default container-style-default\" data-container-animation=\"bounce-in\" data-icon-animation=\"bounce-in\">\n\n\t\n\t\t<a class=\"cd-timeline-icon-link\" href=\"https:\/\/www.gipa.eu\/es\/announcement\/variables-affect-workshop-entries-aftermarket-mexico\/\">\n\n\t\t\n\t\t<div class=\"cd-timeline-img cd-picture\" style=\"background:#f79520;\">\n\n\t\t\t<!-- Custom Action Hook -->\n\n\t\t\t\n\t\t\t\t<!-- Standard Font Awesome Icon -->\n\n\t\t\t\t<span class=\"fa fa-newspaper-o\" title=\"Variables that affect the workshop entries in the aftermarket in Mexico\"><\/span>\n\n\t\t\t\n\t\t<\/div> <!-- cd-timeline-img -->\n\t\n\t\t<\/a>\n\n\t\t\n\t<!-- Timeline Content -->\n\t<div class=\"cd-timeline-content\">\n\n\t\t\n\t\t<!-- Announcement Title -->\n\t\t<div class=\"cd-timeline-title-container\">\n\n\t\t\t\n\t\t\t<h2 class=\"cd-timeline-item-title\">\n\t\t\t\tVariables that affect the workshop entries in the aftermarket in Mexico\t\t\t<\/h2>\n\n\t\t\t\t\t\t\t<strong class=\"timeline-date\">\n\t\t\t\t\t20 de febrero de 2020\t\t\t\t<\/strong>\n\t\t\t\t\t\t<\/div>\n\t\t<!-- End Announcement Title -->\n\n\t\t<img loading=\"lazy\" decoding=\"async\" width=\"350\" height=\"120\" src=\"https:\/\/www.gipa.eu\/wp-content\/uploads\/2020\/02\/Image1-1-350x120.png\" class=\"announcement-banner-image\" alt=\"Variables that affect the workshop entries in the aftermarket in Mexico\" \/>\n\t\t<!-- Announcement Excerpt -->\n\t\t<div class=\"the-excerpt\">\n\t\t\tFirst important fact: The growth of the automotive aftermarket in a country highly depends on car registrations. With an increasing trend in car sales, usually the vehicle parc\u00b4s increase generates...<a class=\"timeline-express-read-more-link\" href=\"https:\/\/www.gipa.eu\/es\/announcement\/variables-affect-workshop-entries-aftermarket-mexico\/\"> Lee mas\r\n<\/a>\t\t<\/div>\n\t\t<!-- End Announcement Excerpt -->\n\n\t\t\n\t<\/div>\n\t<!-- End Timeline Content -->\n\n\t\n<\/div>\n<!-- End Timeline Block -->\n\n<div id=\"first-independent-and-multi-brand-study-on-drivers-of-semi-automated-vehicles-and-their-vision-on-autonomous-car\" class=\"cd-timeline-block febrero 20 2019 legacy-layout announcement-13533 2019 news alemania argentina-es brasil centroamerica chile-es china-es colombia-es espana francia india-es italia marruecos mexico-es peru-es polonia portugal-es reino-unido rusia sudafrica tailandia turquia ucrania vietnam-es %e3%82%a2%e3%83%ab%e3%82%bc%e3%83%b3%e3%83%81%e3%83%b3-es %e3%82%a2%e3%83%ab%e3%82%bc%e3%83%b3%e3%83%81%e3%83%b3-2-es %e3%82%a4%e3%82%bf%e3%83%aa%e3%82%a2-es %e3%82%a4%e3%82%bf%e3%83%aa%e3%82%a2-2-es icon-style-default container-style-default\" data-container-animation=\"bounce-in\" data-icon-animation=\"bounce-in\">\n\n\t\n\t\t<a class=\"cd-timeline-icon-link\" href=\"https:\/\/www.gipa.eu\/es\/announcement\/first-independent-multi-brand-study-drivers-semi-automated-vehicles-vision-autonomous-car\/\">\n\n\t\t\n\t\t<div class=\"cd-timeline-img cd-picture\" style=\"background:#f79520;\">\n\n\t\t\t<!-- Custom Action Hook -->\n\n\t\t\t\n\t\t\t\t<!-- Standard Font Awesome Icon -->\n\n\t\t\t\t<span class=\"fa fa-newspaper-o\" title=\"First independent and multi-brand study on drivers of semi-automated vehicles and their vision on autonomous car\"><\/span>\n\n\t\t\t\n\t\t<\/div> <!-- cd-timeline-img -->\n\t\n\t\t<\/a>\n\n\t\t\n\t<!-- Timeline Content -->\n\t<div class=\"cd-timeline-content\">\n\n\t\t\n\t\t<!-- Announcement Title -->\n\t\t<div class=\"cd-timeline-title-container\">\n\n\t\t\t\n\t\t\t<h2 class=\"cd-timeline-item-title\">\n\t\t\t\tFirst independent and multi-brand study on drivers of semi-automated vehicles and their vision on autonomous car\t\t\t<\/h2>\n\n\t\t\t\t\t\t\t<strong class=\"timeline-date\">\n\t\t\t\t\t20 de febrero de 2019\t\t\t\t<\/strong>\n\t\t\t\t\t\t<\/div>\n\t\t<!-- End Announcement Title -->\n\n\t\t<img loading=\"lazy\" decoding=\"async\" width=\"261\" height=\"120\" src=\"https:\/\/www.gipa.eu\/wp-content\/uploads\/2019\/02\/Sans-titre-261x120.png\" class=\"announcement-banner-image\" alt=\"First independent and multi-brand study on drivers of semi-automated vehicles and their vision on autonomous car\" \/>\n\t\t<!-- Announcement Excerpt -->\n\t\t<div class=\"the-excerpt\">\n\t\t\tAdvanced driver assistance systems have already an impact on roads by inducing a safer driving (accidents, insurance&#8230;). Two thirds of drivers who own semi-automated vehicles are ready for...<a class=\"timeline-express-read-more-link\" href=\"https:\/\/www.gipa.eu\/es\/announcement\/first-independent-multi-brand-study-drivers-semi-automated-vehicles-vision-autonomous-car\/\"> Lee mas\r\n<\/a>\t\t<\/div>\n\t\t<!-- End Announcement Excerpt -->\n\n\t\t\n\t<\/div>\n\t<!-- End Timeline Content -->\n\n\t\n<\/div>\n<!-- End Timeline Block -->\n\n<div id=\"cities-megacities-a-new-agent-influence-the-automotive-market\" class=\"cd-timeline-block febrero 06 2019 legacy-layout announcement-13300 2019 news francia icon-style-default container-style-default\" data-container-animation=\"bounce-in\" data-icon-animation=\"bounce-in\">\n\n\t\n\t\t<a class=\"cd-timeline-icon-link\" href=\"https:\/\/www.gipa.eu\/es\/announcement\/cities-megacities-new-agent-influence-automotive-market\/\">\n\n\t\t\n\t\t<div class=\"cd-timeline-img cd-picture\" style=\"background:#f79520;\">\n\n\t\t\t<!-- Custom Action Hook -->\n\n\t\t\t\n\t\t\t\t<!-- Standard Font Awesome Icon -->\n\n\t\t\t\t<span class=\"fa fa-newspaper-o\" title=\"CITIES \/ MEGACITIES, A NEW AGENT INFLUENCE THE AUTOMOTIVE MARKET\"><\/span>\n\n\t\t\t\n\t\t<\/div> <!-- cd-timeline-img -->\n\t\n\t\t<\/a>\n\n\t\t\n\t<!-- Timeline Content -->\n\t<div class=\"cd-timeline-content\">\n\n\t\t\n\t\t<!-- Announcement Title -->\n\t\t<div class=\"cd-timeline-title-container\">\n\n\t\t\t\n\t\t\t<h2 class=\"cd-timeline-item-title\">\n\t\t\t\tCITIES \/ MEGACITIES, A NEW AGENT INFLUENCE THE AUTOMOTIVE MARKET\t\t\t<\/h2>\n\n\t\t\t\t\t\t\t<strong class=\"timeline-date\">\n\t\t\t\t\t6 de febrero de 2019\t\t\t\t<\/strong>\n\t\t\t\t\t\t<\/div>\n\t\t<!-- End Announcement Title -->\n\n\t\t<img loading=\"lazy\" decoding=\"async\" width=\"350\" height=\"120\" src=\"https:\/\/www.gipa.eu\/wp-content\/uploads\/2019\/02\/autoactu-1-350x120.jpg\" class=\"announcement-banner-image\" alt=\"CITIES \/ MEGACITIES, A NEW AGENT INFLUENCE THE AUTOMOTIVE MARKET\" \/>\n\t\t<!-- Announcement Excerpt -->\n\t\t<div class=\"the-excerpt\">\n\t\t\tOdette Dantas, Deputy General Manager GiPA France will present the results of a global survey conducted in 2017 and 2018 interviewing drivers, in face-to-face, in 26 megacities and bigcities. Quelles...<a class=\"timeline-express-read-more-link\" href=\"https:\/\/www.gipa.eu\/es\/announcement\/cities-megacities-new-agent-influence-automotive-market\/\"> Lee mas\r\n<\/a>\t\t<\/div>\n\t\t<!-- End Announcement Excerpt -->\n\n\t\t\n\t<\/div>\n\t<!-- End Timeline Content -->\n\n\t\n<\/div>\n<!-- End Timeline Block -->\n\n<div id=\"10th-international-gipa-day-a-roaring-success\" class=\"cd-timeline-block enero 30 2019 legacy-layout announcement-13242 2019 news alemania argentina-es brasil centroamerica chile-es china-es colombia-es espana francia india-es italia marruecos mexico-es peru-es polonia portugal-es reino-unido rusia sudafrica tailandia turquia ucrania vietnam-es %e3%82%a2%e3%83%ab%e3%82%bc%e3%83%b3%e3%83%81%e3%83%b3-es %e3%82%a4%e3%82%bf%e3%83%aa%e3%82%a2-es icon-style-default container-style-default\" data-container-animation=\"bounce-in\" data-icon-animation=\"bounce-in\">\n\n\t\n\t\t<a class=\"cd-timeline-icon-link\" href=\"https:\/\/www.gipa.eu\/es\/announcement\/10th-international-gipa-day-roaring-success\/\">\n\n\t\t\n\t\t<div class=\"cd-timeline-img cd-picture\" style=\"background:#f79520;\">\n\n\t\t\t<!-- Custom Action Hook -->\n\n\t\t\t\n\t\t\t\t<!-- Standard Font Awesome Icon -->\n\n\t\t\t\t<span class=\"fa fa-newspaper-o\" title=\"10th International GiPA Day a Roaring Success\"><\/span>\n\n\t\t\t\n\t\t<\/div> <!-- cd-timeline-img -->\n\t\n\t\t<\/a>\n\n\t\t\n\t<!-- Timeline Content -->\n\t<div class=\"cd-timeline-content\">\n\n\t\t\n\t\t<!-- Announcement Title -->\n\t\t<div class=\"cd-timeline-title-container\">\n\n\t\t\t\n\t\t\t<h2 class=\"cd-timeline-item-title\">\n\t\t\t\t10th International GiPA Day a Roaring Success\t\t\t<\/h2>\n\n\t\t\t\t\t\t\t<strong class=\"timeline-date\">\n\t\t\t\t\t30 de enero de 2019\t\t\t\t<\/strong>\n\t\t\t\t\t\t<\/div>\n\t\t<!-- End Announcement Title -->\n\n\t\t<img loading=\"lazy\" decoding=\"async\" width=\"350\" height=\"120\" src=\"https:\/\/www.gipa.eu\/wp-content\/uploads\/2019\/02\/10TH-GIPA-DAY-350x120.png\" class=\"announcement-banner-image\" alt=\"10th International GiPA Day a Roaring Success\" \/>\n\t\t<!-- Announcement Excerpt -->\n\t\t<div class=\"the-excerpt\">\n\t\t\tOn the 18th January 2019 GiPA held its annual International GiPA Day in Frankfurt. For the 10th year in a row GiPA hosted automotive aftermarket leaders who have provided their expert insights into...<a class=\"timeline-express-read-more-link\" href=\"https:\/\/www.gipa.eu\/es\/announcement\/10th-international-gipa-day-roaring-success\/\"> Lee mas\r\n<\/a>\t\t<\/div>\n\t\t<!-- End Announcement Excerpt -->\n\n\t\t\n\t<\/div>\n\t<!-- End Timeline Content -->\n\n\t\n<\/div>\n<!-- End Timeline Block -->\n\n<div id=\"urbagora-save-the-date-4-5-april-2019\" class=\"cd-timeline-block enero 29 2019 legacy-layout announcement-12837 2019 news alemania argentina-es brasil centroamerica chile-es china-es colombia-es espana francia india-es italia marruecos mexico-es peru-es polonia portugal-es reino-unido rusia sudafrica tailandia turquia ucrania vietnam-es %e3%82%a2%e3%83%ab%e3%82%bc%e3%83%b3%e3%83%81%e3%83%b3 %e3%82%a4%e3%82%bf%e3%83%aa%e3%82%a2 icon-style-default container-style-default\" data-container-animation=\"bounce-in\" data-icon-animation=\"bounce-in\">\n\n\t\n\t\t<div class=\"cd-timeline-img cd-picture icon-no-readmore\" style=\"background:#f79520;\">\n\n\t\t\t<!-- Custom Action Hook -->\n\n\t\t\t\n\t\t\t\t<!-- Standard Font Awesome Icon -->\n\n\t\t\t\t<span class=\"fa fa-newspaper-o\" title=\"URBAGORA: Save the date, 4-5 April 2019\"><\/span>\n\n\t\t\t\n\t\t<\/div> <!-- cd-timeline-img -->\n\t\n\t\t<\/a>\n\n\t\t\n\t<!-- Timeline Content -->\n\t<div class=\"cd-timeline-content\">\n\n\t\t\n\t\t<!-- Announcement Title -->\n\t\t<div class=\"cd-timeline-title-container\">\n\n\t\t\t\n\t\t\t<h2 class=\"cd-timeline-item-title\">\n\t\t\t\tURBAGORA: Save the date, 4-5 April 2019\t\t\t<\/h2>\n\n\t\t\t\t\t\t\t<strong class=\"timeline-date\">\n\t\t\t\t\t29 de enero de 2019\t\t\t\t<\/strong>\n\t\t\t\t\t\t<\/div>\n\t\t<!-- End Announcement Title -->\n\n\t\t<img loading=\"lazy\" decoding=\"async\" width=\"350\" height=\"120\" src=\"https:\/\/www.gipa.eu\/wp-content\/uploads\/2019\/01\/urbagora-1-350x120.png\" class=\"announcement-banner-image\" alt=\"URBAGORA: Save the date, 4-5 April 2019\" \/>\n\t\t<!-- Announcement Excerpt -->\n\t\t<div class=\"the-excerpt\">\n\t\t\tGiPA, founding member of the Megacities Institute will be happy to welcome you for its second event Urbagora dedicated to urban life and\t\t<\/div>\n\t\t<!-- End Announcement Excerpt -->\n\n\t\t\n\t<\/div>\n\t<!-- End Timeline Content -->\n\n\t\n<\/div>\n<!-- End Timeline Block -->\n\n<div id=\"new-chief-executive-officer-gipa\" class=\"cd-timeline-block enero 01 2019 legacy-layout announcement-13118 2019 news alemania argentina-es brasil centroamerica chile-es china-es colombia-es espana francia india-es italia marruecos mexico-es peru-es polonia portugal-es reino-unido rusia sudafrica tailandia turquia ucrania vietnam-es %e3%82%a2%e3%83%ab%e3%82%bc%e3%83%b3%e3%83%81%e3%83%b3-es %e3%82%a4%e3%82%bf%e3%83%aa%e3%82%a2-es icon-style-default container-style-default\" data-container-animation=\"bounce-in\" data-icon-animation=\"bounce-in\">\n\n\t\n\t\t<a class=\"cd-timeline-icon-link\" href=\"https:\/\/www.gipa.eu\/es\/announcement\/new-chief-executive-officer-gipa\/\">\n\n\t\t\n\t\t<div class=\"cd-timeline-img cd-picture\" style=\"background:#f79520;\">\n\n\t\t\t<!-- Custom Action Hook -->\n\n\t\t\t\n\t\t\t\t<!-- Standard Font Awesome Icon -->\n\n\t\t\t\t<span class=\"fa fa-newspaper-o\" title=\"New Chief Executive Officer &#8211; GiPA\"><\/span>\n\n\t\t\t\n\t\t<\/div> <!-- cd-timeline-img -->\n\t\n\t\t<\/a>\n\n\t\t\n\t<!-- Timeline Content -->\n\t<div class=\"cd-timeline-content\">\n\n\t\t\n\t\t<!-- Announcement Title -->\n\t\t<div class=\"cd-timeline-title-container\">\n\n\t\t\t\n\t\t\t<h2 class=\"cd-timeline-item-title\">\n\t\t\t\tNew Chief Executive Officer &#8211; GiPA\t\t\t<\/h2>\n\n\t\t\t\t\t\t\t<strong class=\"timeline-date\">\n\t\t\t\t\t1 de enero de 2019\t\t\t\t<\/strong>\n\t\t\t\t\t\t<\/div>\n\t\t<!-- End Announcement Title -->\n\n\t\t<img loading=\"lazy\" decoding=\"async\" width=\"159\" height=\"120\" src=\"https:\/\/www.gipa.eu\/wp-content\/uploads\/2019\/01\/FL2-159x120.jpg\" class=\"announcement-banner-image\" alt=\"New Chief Executive Officer &#8211; GiPA\" \/>\n\t\t<!-- Announcement Excerpt -->\n\t\t<div class=\"the-excerpt\">\n\t\t\tGeneral Manager of GiPA Spain, Fernando Lopez, has been appointed Chief Executive Officer of GiPA, effective from January 1, 2019. Fernando Lopez is now responsible for all countries where GiPA has a...<a class=\"timeline-express-read-more-link\" href=\"https:\/\/www.gipa.eu\/es\/announcement\/new-chief-executive-officer-gipa\/\"> Lee mas\r\n<\/a>\t\t<\/div>\n\t\t<!-- End Announcement Excerpt -->\n\n\t\t\n\t<\/div>\n\t<!-- End Timeline Content -->\n\n\t\n<\/div>\n<!-- End Timeline Block -->\n\n<div id=\"ntda-conference-in-uk\" class=\"cd-timeline-block octubre 04 2018 legacy-layout announcement-11323 2018 news alemania argentina-es brasil centroamerica chile-es china-es colombia-es espana francia india-es italia marruecos mexico-es peru-es polonia portugal-es reino-unido rusia sudafrica tailandia turquia ucrania vietnam-es icon-style-default container-style-default\" data-container-animation=\"bounce-in\" data-icon-animation=\"bounce-in\">\n\n\t\n\t\t<a class=\"cd-timeline-icon-link\" href=\"https:\/\/www.gipa.eu\/es\/announcement\/ntda-conference-uk\/\">\n\n\t\t\n\t\t<div class=\"cd-timeline-img cd-picture\" style=\"background:#f79520;\">\n\n\t\t\t<!-- Custom Action Hook -->\n\n\t\t\t\n\t\t\t\t<!-- Standard Font Awesome Icon -->\n\n\t\t\t\t<span class=\"fa fa-newspaper-o\" title=\"NTDA conference in UK\"><\/span>\n\n\t\t\t\n\t\t<\/div> <!-- cd-timeline-img -->\n\t\n\t\t<\/a>\n\n\t\t\n\t<!-- Timeline Content -->\n\t<div class=\"cd-timeline-content\">\n\n\t\t\n\t\t<!-- Announcement Title -->\n\t\t<div class=\"cd-timeline-title-container\">\n\n\t\t\t\n\t\t\t<h2 class=\"cd-timeline-item-title\">\n\t\t\t\tNTDA conference in UK\t\t\t<\/h2>\n\n\t\t\t\t\t\t\t<strong class=\"timeline-date\">\n\t\t\t\t\t4 de octubre de 2018\t\t\t\t<\/strong>\n\t\t\t\t\t\t<\/div>\n\t\t<!-- End Announcement Title -->\n\n\t\t<img loading=\"lazy\" decoding=\"async\" width=\"350\" height=\"120\" src=\"https:\/\/www.gipa.eu\/wp-content\/uploads\/2018\/09\/NTDA-350x120.png\" class=\"announcement-banner-image\" alt=\"NTDA conference in UK\" \/>\n\t\t<!-- Announcement Excerpt -->\n\t\t<div class=\"the-excerpt\">\n\t\t\tGiPA UK to participate to the 2018 NTDA conference. The presentation will focused on automotive megatrends and their impact for the tyre industry. For any further information:<a class=\"timeline-express-read-more-link\" href=\"https:\/\/www.gipa.eu\/es\/announcement\/ntda-conference-uk\/\"> Lee mas\r\n<\/a>\t\t<\/div>\n\t\t<!-- End Announcement Excerpt -->\n\n\t\t\n\t<\/div>\n\t<!-- End Timeline Content -->\n\n\t\n<\/div>\n<!-- End Timeline Block -->\n\n<div id=\"simi-aftermarket-conference-in-dublin\" class=\"cd-timeline-block septiembre 26 2018 legacy-layout announcement-11336 2018 news alemania argentina-es brasil centroamerica chile-es china-es colombia-es espana francia india-es italia marruecos mexico-es peru-es polonia portugal-es reino-unido rusia sudafrica tailandia turquia ucrania vietnam-es %e3%82%a2%e3%83%ab%e3%82%bc%e3%83%b3%e3%83%81%e3%83%b3 %e3%82%a4%e3%82%bf%e3%83%aa%e3%82%a2 icon-style-default container-style-default\" data-container-animation=\"bounce-in\" data-icon-animation=\"bounce-in\">\n\n\t\n\t\t<a class=\"cd-timeline-icon-link\" href=\"https:\/\/www.gipa.eu\/es\/announcement\/simi-aftermarket-conference-dublin\/\">\n\n\t\t\n\t\t<div class=\"cd-timeline-img cd-picture\" style=\"background:#f79520;\">\n\n\t\t\t<!-- Custom Action Hook -->\n\n\t\t\t\n\t\t\t\t<!-- Standard Font Awesome Icon -->\n\n\t\t\t\t<span class=\"fa fa-newspaper-o\" title=\"SIMI aftermarket conference in Dublin\"><\/span>\n\n\t\t\t\n\t\t<\/div> <!-- cd-timeline-img -->\n\t\n\t\t<\/a>\n\n\t\t\n\t<!-- Timeline Content -->\n\t<div class=\"cd-timeline-content\">\n\n\t\t\n\t\t<!-- Announcement Title -->\n\t\t<div class=\"cd-timeline-title-container\">\n\n\t\t\t\n\t\t\t<h2 class=\"cd-timeline-item-title\">\n\t\t\t\tSIMI aftermarket conference in Dublin\t\t\t<\/h2>\n\n\t\t\t\t\t\t\t<strong class=\"timeline-date\">\n\t\t\t\t\t26 de septiembre de 2018\t\t\t\t<\/strong>\n\t\t\t\t\t\t<\/div>\n\t\t<!-- End Announcement Title -->\n\n\t\t<img loading=\"lazy\" decoding=\"async\" width=\"241\" height=\"120\" src=\"https:\/\/www.gipa.eu\/wp-content\/uploads\/2018\/09\/SIMI-241x120.png\" class=\"announcement-banner-image\" alt=\"SIMI aftermarket conference in Dublin\" \/>\n\t\t<!-- Announcement Excerpt -->\n\t\t<div class=\"the-excerpt\">\n\t\t\tGiPA UK to participate to the Independent Aftermarket Conference 2018 organised by SIMI in Dublin. The presentation will focused of aftermarket consolidation in Europe and Irish market and present...<a class=\"timeline-express-read-more-link\" href=\"https:\/\/www.gipa.eu\/es\/announcement\/simi-aftermarket-conference-dublin\/\"> Lee mas\r\n<\/a>\t\t<\/div>\n\t\t<!-- End Announcement Excerpt -->\n\n\t\t\n\t<\/div>\n\t<!-- End Timeline Content -->\n\n\t\n<\/div>\n<!-- End Timeline Block -->\n\n<div id=\"connected-services\" class=\"cd-timeline-block junio 01 2018 legacy-layout announcement-10796 2018 news francia icon-style-default container-style-default\" data-container-animation=\"bounce-in\" data-icon-animation=\"bounce-in\">\n\n\t\n\t\t<a class=\"cd-timeline-icon-link\" href=\"https:\/\/www.gipa.eu\/es\/announcement\/connected-services\/\">\n\n\t\t\n\t\t<div class=\"cd-timeline-img cd-picture\" style=\"background:#f79520;\">\n\n\t\t\t<!-- Custom Action Hook -->\n\n\t\t\t\n\t\t\t\t<!-- Standard Font Awesome Icon -->\n\n\t\t\t\t<span class=\"fa fa-newspaper-o\" title=\"Connected services\"><\/span>\n\n\t\t\t\n\t\t<\/div> <!-- cd-timeline-img -->\n\t\n\t\t<\/a>\n\n\t\t\n\t<!-- Timeline Content -->\n\t<div class=\"cd-timeline-content\">\n\n\t\t\n\t\t<!-- Announcement Title -->\n\t\t<div class=\"cd-timeline-title-container\">\n\n\t\t\t\n\t\t\t<h2 class=\"cd-timeline-item-title\">\n\t\t\t\tConnected services\t\t\t<\/h2>\n\n\t\t\t\t\t\t\t<strong class=\"timeline-date\">\n\t\t\t\t\t1 de junio de 2018\t\t\t\t<\/strong>\n\t\t\t\t\t\t<\/div>\n\t\t<!-- End Announcement Title -->\n\n\t\t<img loading=\"lazy\" decoding=\"async\" width=\"350\" height=\"120\" src=\"https:\/\/www.gipa.eu\/wp-content\/uploads\/2018\/06\/Connected-services-e1528184902744-350x120.png\" class=\"announcement-banner-image\" alt=\"Connected services\" \/>\n\t\t<!-- Announcement Excerpt -->\n\t\t<div class=\"the-excerpt\">\n\t\t\tThe OBD connector will not be removed. Access to the information and the flow of data made available by each vehicle via the OBD port is essential for diagnosis, maintenance, repair, or updating...<a class=\"timeline-express-read-more-link\" href=\"https:\/\/www.gipa.eu\/es\/announcement\/connected-services\/\"> Lee mas\r\n<\/a>\t\t<\/div>\n\t\t<!-- End Announcement Excerpt -->\n\n\t\t\n\t<\/div>\n\t<!-- End Timeline Content -->\n\n\t\n<\/div>\n<!-- End Timeline Block -->\n\n<div id=\"gipa-increases-its-presence-in-asia-with-the-launch-of-its-pad-programme-in-south-korea\" class=\"cd-timeline-block marzo 30 2018 legacy-layout announcement-10339 2018 news alemania argentina-es brasil centroamerica chile-es china-es colombia-es espana francia india-es italia marruecos mexico-es peru-es polonia portugal-es reino-unido rusia sudafrica tailandia turquia ucrania vietnam-es icon-style-default container-style-default\" data-container-animation=\"bounce-in\" data-icon-animation=\"bounce-in\">\n\n\t\n\t\t<a class=\"cd-timeline-icon-link\" href=\"https:\/\/www.gipa.eu\/es\/announcement\/10331-2\/\">\n\n\t\t\n\t\t<div class=\"cd-timeline-img cd-picture\" style=\"background:#f79520;\">\n\n\t\t\t<!-- Custom Action Hook -->\n\n\t\t\t\n\t\t\t\t<!-- Standard Font Awesome Icon -->\n\n\t\t\t\t<span class=\"fa fa-newspaper-o\" title=\"GiPA increases its presence in Asia with the launch of its PAD programme in South Korea\"><\/span>\n\n\t\t\t\n\t\t<\/div> <!-- cd-timeline-img -->\n\t\n\t\t<\/a>\n\n\t\t\n\t<!-- Timeline Content -->\n\t<div class=\"cd-timeline-content\">\n\n\t\t\n\t\t<!-- Announcement Title -->\n\t\t<div class=\"cd-timeline-title-container\">\n\n\t\t\t\n\t\t\t<h2 class=\"cd-timeline-item-title\">\n\t\t\t\tGiPA increases its presence in Asia with the launch of its PAD programme in South Korea\t\t\t<\/h2>\n\n\t\t\t\t\t\t\t<strong class=\"timeline-date\">\n\t\t\t\t\t30 de marzo de 2018\t\t\t\t<\/strong>\n\t\t\t\t\t\t<\/div>\n\t\t<!-- End Announcement Title -->\n\n\t\t<img loading=\"lazy\" decoding=\"async\" width=\"350\" height=\"120\" src=\"https:\/\/www.gipa.eu\/wp-content\/uploads\/2018\/03\/Photo-cor\u00e9e-e1522403078179-350x120.png\" class=\"announcement-banner-image\" alt=\"GiPA increases its presence in Asia with the launch of its PAD programme in South Korea\" \/>\n\t\t<!-- Announcement Excerpt -->\n\t\t<div class=\"the-excerpt\">\n\t\t\tAfter listening to its customers, GiPA has decided to add South Korea to the list of countries covered by its ATO \/ PAD multi-subscription programmes. After more than 10 years of steady growth, Asia...<a class=\"timeline-express-read-more-link\" href=\"https:\/\/www.gipa.eu\/es\/announcement\/10331-2\/\"> Lee mas\r\n<\/a>\t\t<\/div>\n\t\t<!-- End Announcement Excerpt -->\n\n\t\t\n\t<\/div>\n\t<!-- End Timeline Content -->\n\n\t\n<\/div>\n<!-- End Timeline Block -->\n\n<div id=\"urbagora-the-first-european-meeting-on-the-future-of-urban-life-paris-france\" class=\"cd-timeline-block marzo 09 2018 legacy-layout announcement-10269 2018 news alemania argentina-es brasil centroamerica chile-es china-es colombia-es espana francia india-es italia marruecos mexico-es peru-es polonia portugal-es reino-unido rusia sudafrica tailandia turquia ucrania vietnam-es icon-style-default container-style-default\" data-container-animation=\"bounce-in\" data-icon-animation=\"bounce-in\">\n\n\t\n\t\t<a class=\"cd-timeline-icon-link\" href=\"https:\/\/www.gipa.eu\/es\/announcement\/urbagora-first-european-meeting-future-urban-life-paris-france\/\">\n\n\t\t\n\t\t<div class=\"cd-timeline-img cd-picture\" style=\"background:#f79520;\">\n\n\t\t\t<!-- Custom Action Hook -->\n\n\t\t\t\n\t\t\t\t<!-- Standard Font Awesome Icon -->\n\n\t\t\t\t<span class=\"fa fa-newspaper-o\" title=\"Urbagora \u2013 The first European meeting on the future of urban life. Paris, France\"><\/span>\n\n\t\t\t\n\t\t<\/div> <!-- cd-timeline-img -->\n\t\n\t\t<\/a>\n\n\t\t\n\t<!-- Timeline Content -->\n\t<div class=\"cd-timeline-content\">\n\n\t\t\n\t\t<!-- Announcement Title -->\n\t\t<div class=\"cd-timeline-title-container\">\n\n\t\t\t\n\t\t\t<h2 class=\"cd-timeline-item-title\">\n\t\t\t\tUrbagora \u2013 The first European meeting on the future of urban life. Paris, France\t\t\t<\/h2>\n\n\t\t\t\t\t\t\t<strong class=\"timeline-date\">\n\t\t\t\t\t9 de marzo de 2018\t\t\t\t<\/strong>\n\t\t\t\t\t\t<\/div>\n\t\t<!-- End Announcement Title -->\n\n\t\t<img loading=\"lazy\" decoding=\"async\" width=\"350\" height=\"120\" src=\"https:\/\/www.gipa.eu\/wp-content\/uploads\/2018\/03\/Sans-titre-350x120.png\" class=\"announcement-banner-image\" alt=\"Urbagora \u2013 The first European meeting on the future of urban life. Paris, France\" \/>\n\t\t<!-- Announcement Excerpt -->\n\t\t<div class=\"the-excerpt\">\n\t\t\tOn the 5th &amp; 6th of April, in Paris, the Megacities Institute association, co-founded by Allianz, Bosch, and GiPA, will host the event Urbagora. Two topics will take centre stage during this...<a class=\"timeline-express-read-more-link\" href=\"https:\/\/www.gipa.eu\/es\/announcement\/urbagora-first-european-meeting-future-urban-life-paris-france\/\"> Lee mas\r\n<\/a>\t\t<\/div>\n\t\t<!-- End Announcement Excerpt -->\n\n\t\t\n\t<\/div>\n\t<!-- End Timeline Content -->\n\n\t\n<\/div>\n<!-- End Timeline Block -->\n\n<div id=\"two-wheels-market-data-now-available-in-the-uk\" class=\"cd-timeline-block marzo 05 2018 legacy-layout announcement-10258 2018 news alemania argentina-es brasil centroamerica chile-es china-es colombia-es espana francia india-es italia marruecos mexico-es peru-es polonia portugal-es reino-unido rusia sudafrica tailandia turquia ucrania vietnam-es icon-style-default container-style-default\" data-container-animation=\"bounce-in\" data-icon-animation=\"bounce-in\">\n\n\t\n\t\t<a class=\"cd-timeline-icon-link\" href=\"https:\/\/www.gipa.eu\/es\/announcement\/two-wheels-market-data-now-available-uk\/\">\n\n\t\t\n\t\t<div class=\"cd-timeline-img cd-picture\" style=\"background:#f79520;\">\n\n\t\t\t<!-- Custom Action Hook -->\n\n\t\t\t\n\t\t\t\t<!-- Standard Font Awesome Icon -->\n\n\t\t\t\t<span class=\"fa fa-adjust\" title=\"Two-wheels market data now available in the UK\"><\/span>\n\n\t\t\t\n\t\t<\/div> <!-- cd-timeline-img -->\n\t\n\t\t<\/a>\n\n\t\t\n\t<!-- Timeline Content -->\n\t<div class=\"cd-timeline-content\">\n\n\t\t\n\t\t<!-- Announcement Title -->\n\t\t<div class=\"cd-timeline-title-container\">\n\n\t\t\t\n\t\t\t<h2 class=\"cd-timeline-item-title\">\n\t\t\t\tTwo-wheels market data now available in the UK\t\t\t<\/h2>\n\n\t\t\t\t\t\t\t<strong class=\"timeline-date\">\n\t\t\t\t\t5 de marzo de 2018\t\t\t\t<\/strong>\n\t\t\t\t\t\t<\/div>\n\t\t<!-- End Announcement Title -->\n\n\t\t<img loading=\"lazy\" decoding=\"async\" width=\"253\" height=\"120\" src=\"https:\/\/www.gipa.eu\/wp-content\/uploads\/2018\/03\/2W-UK-253x120.png\" class=\"announcement-banner-image\" alt=\"Two-wheels market data now available in the UK\" \/>\n\t\t<!-- Announcement Excerpt -->\n\t\t<div class=\"the-excerpt\">\n\t\t\tGiPA UK\u2019s motorcycle repairer survey results are now available, investigating the motorcycle tyre market in the UK. Looking at how motorcycle focused franchised dealers, independent mechanical...<a class=\"timeline-express-read-more-link\" href=\"https:\/\/www.gipa.eu\/es\/announcement\/two-wheels-market-data-now-available-uk\/\"> Lee mas\r\n<\/a>\t\t<\/div>\n\t\t<!-- End Announcement Excerpt -->\n\n\t\t\n\t<\/div>\n\t<!-- End Timeline Content -->\n\n\t\n<\/div>\n<!-- End Timeline Block -->\n\n<div id=\"eco-entretien\" class=\"cd-timeline-block febrero 08 2018 legacy-layout announcement-10173 2018 news alemania argentina-es brasil centroamerica chile-es china-es colombia-es espana francia india-es italia marruecos mexico-es peru-es polonia portugal-es reino-unido rusia sudafrica tailandia turquia ucrania vietnam-es icon-style-default container-style-default\" data-container-animation=\"bounce-in\" data-icon-animation=\"bounce-in\">\n\n\t\n\t\t<a class=\"cd-timeline-icon-link\" href=\"https:\/\/www.gipa.eu\/es\/announcement\/eco-entretien\/\">\n\n\t\t\n\t\t<div class=\"cd-timeline-img cd-picture\" style=\"background:#f79520;\">\n\n\t\t\t<!-- Custom Action Hook -->\n\n\t\t\t\n\t\t\t\t<!-- Standard Font Awesome Icon -->\n\n\t\t\t\t<span class=\"fa fa-newspaper-o\" title=\"Eco entretien\"><\/span>\n\n\t\t\t\n\t\t<\/div> <!-- cd-timeline-img -->\n\t\n\t\t<\/a>\n\n\t\t\n\t<!-- Timeline Content -->\n\t<div class=\"cd-timeline-content\">\n\n\t\t\n\t\t<!-- Announcement Title -->\n\t\t<div class=\"cd-timeline-title-container\">\n\n\t\t\t\n\t\t\t<h2 class=\"cd-timeline-item-title\">\n\t\t\t\tEco entretien\t\t\t<\/h2>\n\n\t\t\t\t\t\t\t<strong class=\"timeline-date\">\n\t\t\t\t\t8 de febrero de 2018\t\t\t\t<\/strong>\n\t\t\t\t\t\t<\/div>\n\t\t<!-- End Announcement Title -->\n\n\t\t<img loading=\"lazy\" decoding=\"async\" width=\"320\" height=\"120\" src=\"https:\/\/www.gipa.eu\/wp-content\/uploads\/2018\/02\/Eco-entretien-320x120.jpg\" class=\"announcement-banner-image\" alt=\"Eco entretien\" \/>\n\t\t<!-- Announcement Excerpt -->\n\t\t<div class=\"the-excerpt\">\n\t\t\tGiPA was on the Mobility TV to discuss about &#8216;Eco Entretien&#8217; that limits over polluting emissions of cars. For any further information:<a class=\"timeline-express-read-more-link\" href=\"https:\/\/www.gipa.eu\/es\/announcement\/eco-entretien\/\"> Lee mas\r\n<\/a>\t\t<\/div>\n\t\t<!-- End Announcement Excerpt -->\n\n\t\t\n\t<\/div>\n\t<!-- End Timeline Content -->\n\n\t\n<\/div>\n<!-- End Timeline Block -->\n\n<div id=\"gipa-support-casca-in-china\" class=\"cd-timeline-block diciembre 11 2017 legacy-layout announcement-10102 2017 news alemania argentina-es brasil centroamerica chile-es china-es colombia-es espana francia india-es italia marruecos mexico-es peru-es polonia portugal-es reino-unido rusia sudafrica tailandia turquia ucrania vietnam-es icon-style-default container-style-default\" data-container-animation=\"bounce-in\" data-icon-animation=\"bounce-in\">\n\n\t\n\t\t<a class=\"cd-timeline-icon-link\" href=\"https:\/\/www.gipa.eu\/es\/announcement\/gipa-support-casca-china\/\">\n\n\t\t\n\t\t<div class=\"cd-timeline-img cd-picture\" style=\"background:#f79520;\">\n\n\t\t\t<!-- Custom Action Hook -->\n\n\t\t\t\n\t\t\t\t<!-- Standard Font Awesome Icon -->\n\n\t\t\t\t<span class=\"fa fa-adjust\" title=\"GiPA support CASCA in China\"><\/span>\n\n\t\t\t\n\t\t<\/div> <!-- cd-timeline-img -->\n\t\n\t\t<\/a>\n\n\t\t\n\t<!-- Timeline Content -->\n\t<div class=\"cd-timeline-content\">\n\n\t\t\n\t\t<!-- Announcement Title -->\n\t\t<div class=\"cd-timeline-title-container\">\n\n\t\t\t\n\t\t\t<h2 class=\"cd-timeline-item-title\">\n\t\t\t\tGiPA support CASCA in China\t\t\t<\/h2>\n\n\t\t\t\t\t\t\t<strong class=\"timeline-date\">\n\t\t\t\t\t11 de diciembre de 2017\t\t\t\t<\/strong>\n\t\t\t\t\t\t<\/div>\n\t\t<!-- End Announcement Title -->\n\n\t\t<img loading=\"lazy\" decoding=\"async\" width=\"340\" height=\"120\" src=\"https:\/\/www.gipa.eu\/wp-content\/uploads\/2017\/12\/GiPA-CASCA_-China-2017-v3-1-340x120.jpg\" class=\"announcement-banner-image\" alt=\"GiPA support CASCA in China\" \/>\n\t\t<!-- Announcement Excerpt -->\n\t\t<div class=\"the-excerpt\">\n\t\t\tIn China, CAAM founded in 1987 and supervised by Ministry of Industry and Information Technology of the People\u2019s Republic of China, is a non-Profit Organisation which consists of supporting the...<a class=\"timeline-express-read-more-link\" href=\"https:\/\/www.gipa.eu\/es\/announcement\/gipa-support-casca-china\/\"> Lee mas\r\n<\/a>\t\t<\/div>\n\t\t<!-- End Announcement Excerpt -->\n\n\t\t\n\t<\/div>\n\t<!-- End Timeline Content -->\n\n\t\n<\/div>\n<!-- End Timeline Block -->\n\n<div id=\"irish-market-data-now-available\" class=\"cd-timeline-block diciembre 01 2017 legacy-layout announcement-10233 2017 news alemania argentina-es brasil centroamerica chile-es china-es colombia-es espana francia india-es italia marruecos mexico-es peru-es polonia portugal-es reino-unido rusia sudafrica tailandia turquia ucrania vietnam-es icon-style-default container-style-default\" data-container-animation=\"bounce-in\" data-icon-animation=\"bounce-in\">\n\n\t\n\t\t<a class=\"cd-timeline-icon-link\" href=\"https:\/\/www.gipa.eu\/es\/announcement\/irish-market-data-now-available-2\/\">\n\n\t\t\n\t\t<div class=\"cd-timeline-img cd-picture\" style=\"background:#f79520;\">\n\n\t\t\t<!-- Custom Action Hook -->\n\n\t\t\t\n\t\t\t\t<!-- Standard Font Awesome Icon -->\n\n\t\t\t\t<span class=\"fa fa-newspaper-o\" title=\"Irish market data now available\"><\/span>\n\n\t\t\t\n\t\t<\/div> <!-- cd-timeline-img -->\n\t\n\t\t<\/a>\n\n\t\t\n\t<!-- Timeline Content -->\n\t<div class=\"cd-timeline-content\">\n\n\t\t\n\t\t<!-- Announcement Title -->\n\t\t<div class=\"cd-timeline-title-container\">\n\n\t\t\t\n\t\t\t<h2 class=\"cd-timeline-item-title\">\n\t\t\t\tIrish market data now available\t\t\t<\/h2>\n\n\t\t\t\t\t\t\t<strong class=\"timeline-date\">\n\t\t\t\t\t1 de diciembre de 2017\t\t\t\t<\/strong>\n\t\t\t\t\t\t<\/div>\n\t\t<!-- End Announcement Title -->\n\n\t\t<img loading=\"lazy\" decoding=\"async\" width=\"161\" height=\"120\" src=\"https:\/\/www.gipa.eu\/wp-content\/uploads\/2018\/02\/IMAGE-0-LA-CON-161x120.jpg\" class=\"announcement-banner-image\" alt=\"Irish market data now available\" \/>\n\t\t<!-- Announcement Excerpt -->\n\t\t<div class=\"the-excerpt\">\n\t\t\tGiPA&#8217;s Republic of Ireland driver survey results are now available, providing an in-depth analysis of the car market in Ireland. With new passenger car registrations in Ireland dipping in 2017,...<a class=\"timeline-express-read-more-link\" href=\"https:\/\/www.gipa.eu\/es\/announcement\/irish-market-data-now-available-2\/\"> Lee mas\r\n<\/a>\t\t<\/div>\n\t\t<!-- End Announcement Excerpt -->\n\n\t\t\n\t<\/div>\n\t<!-- End Timeline Content -->\n\n\t\n<\/div>\n<!-- End Timeline Block -->\n\n<div id=\"chinese-drivers-behaviour-suitable-to-300-km-evs-range\" class=\"cd-timeline-block octubre 26 2017 legacy-layout announcement-9992 2017 news alemania argentina-es brasil centroamerica chile-es china-es colombia-es espana francia india-es italia marruecos mexico-es peru-es polonia portugal-es reino-unido rusia sudafrica tailandia turquia ucrania vietnam-es icon-style-default container-style-default\" data-container-animation=\"bounce-in\" data-icon-animation=\"bounce-in\">\n\n\t\n\t\t<a class=\"cd-timeline-icon-link\" href=\"https:\/\/www.gipa.eu\/es\/announcement\/chinese-drivers-behaviour-suitable-300-km-evs-range\/\">\n\n\t\t\n\t\t<div class=\"cd-timeline-img cd-picture\" style=\"background:#f79520;\">\n\n\t\t\t<!-- Custom Action Hook -->\n\n\t\t\t\n\t\t\t\t<!-- Standard Font Awesome Icon -->\n\n\t\t\t\t<span class=\"fa fa-newspaper-o\" title=\"Chinese drivers&#8217; behaviour suitable to 300 km EVs&#8217; range\"><\/span>\n\n\t\t\t\n\t\t<\/div> <!-- cd-timeline-img -->\n\t\n\t\t<\/a>\n\n\t\t\n\t<!-- Timeline Content -->\n\t<div class=\"cd-timeline-content\">\n\n\t\t\n\t\t<!-- Announcement Title -->\n\t\t<div class=\"cd-timeline-title-container\">\n\n\t\t\t\n\t\t\t<h2 class=\"cd-timeline-item-title\">\n\t\t\t\tChinese drivers&#8217; behaviour suitable to 300 km EVs&#8217; range\t\t\t<\/h2>\n\n\t\t\t\t\t\t\t<strong class=\"timeline-date\">\n\t\t\t\t\t26 de octubre de 2017\t\t\t\t<\/strong>\n\t\t\t\t\t\t<\/div>\n\t\t<!-- End Announcement Title -->\n\n\t\t<img loading=\"lazy\" decoding=\"async\" width=\"284\" height=\"120\" src=\"https:\/\/www.gipa.eu\/wp-content\/uploads\/2015\/10\/300-km-EVs-range-284x120.jpg\" class=\"announcement-banner-image\" alt=\"Chinese drivers&#8217; behaviour suitable to 300 km EVs&#8217; range\" \/>\n\t\t<!-- Announcement Excerpt -->\n\t\t<div class=\"the-excerpt\">\n\t\t\tAccording to the lastest study carried out by GiPA on behalf of the Megacities Institute, released at the Autonomy show in Paris on the 21st of October 2017, \u00a0Chinese drivers&#8217; habits mean the...<a class=\"timeline-express-read-more-link\" href=\"https:\/\/www.gipa.eu\/es\/announcement\/chinese-drivers-behaviour-suitable-300-km-evs-range\/\"> Lee mas\r\n<\/a>\t\t<\/div>\n\t\t<!-- End Announcement Excerpt -->\n\n\t\t\n\t<\/div>\n\t<!-- End Timeline Content -->\n\n\t\n<\/div>\n<!-- End Timeline Block -->\n\n<div id=\"innovative-training-supports\" class=\"cd-timeline-block octubre 21 2017 legacy-layout announcement-9982 2017 news alemania argentina-es brasil centroamerica chile-es china-es colombia-es espana francia india-es italia marruecos mexico-es peru-es polonia portugal-es reino-unido rusia sudafrica tailandia turquia ucrania vietnam-es icon-style-default container-style-default\" data-container-animation=\"bounce-in\" data-icon-animation=\"bounce-in\">\n\n\t\n\t\t<a class=\"cd-timeline-icon-link\" href=\"https:\/\/www.gipa.eu\/es\/announcement\/innovative-training-supports\/\">\n\n\t\t\n\t\t<div class=\"cd-timeline-img cd-picture\" style=\"background:#f79520;\">\n\n\t\t\t<!-- Custom Action Hook -->\n\n\t\t\t\n\t\t\t\t<!-- Standard Font Awesome Icon -->\n\n\t\t\t\t<span class=\"fa fa-newspaper-o\" title=\"Innovative training supports\"><\/span>\n\n\t\t\t\n\t\t<\/div> <!-- cd-timeline-img -->\n\t\n\t\t<\/a>\n\n\t\t\n\t<!-- Timeline Content -->\n\t<div class=\"cd-timeline-content\">\n\n\t\t\n\t\t<!-- Announcement Title -->\n\t\t<div class=\"cd-timeline-title-container\">\n\n\t\t\t\n\t\t\t<h2 class=\"cd-timeline-item-title\">\n\t\t\t\tInnovative training supports\t\t\t<\/h2>\n\n\t\t\t\t\t\t\t<strong class=\"timeline-date\">\n\t\t\t\t\t21 de octubre de 2017\t\t\t\t<\/strong>\n\t\t\t\t\t\t<\/div>\n\t\t<!-- End Announcement Title -->\n\n\t\t<img loading=\"lazy\" decoding=\"async\" width=\"336\" height=\"120\" src=\"https:\/\/www.gipa.eu\/wp-content\/uploads\/2017\/11\/Innovative-training-supports-1-336x120.jpg\" class=\"announcement-banner-image\" alt=\"Innovative training supports\" \/>\n\t\t<!-- Announcement Excerpt -->\n\t\t<div class=\"the-excerpt\">\n\t\t\tWith solutions such as e-learning, serious games, and many other options, aftermarket professionals can now learn without ever leaving the workshop. What training topics are covered ? Are these new...<a class=\"timeline-express-read-more-link\" href=\"https:\/\/www.gipa.eu\/es\/announcement\/innovative-training-supports\/\"> Lee mas\r\n<\/a>\t\t<\/div>\n\t\t<!-- End Announcement Excerpt -->\n\n\t\t\n\t<\/div>\n\t<!-- End Timeline Content -->\n\n\t\n<\/div>\n<!-- End Timeline Block -->\n\n<div id=\"moroccan-aftermarket-overview-and-dynamic\" class=\"cd-timeline-block octubre 18 2017 legacy-layout announcement-9955 2017 news alemania argentina-es brasil centroamerica chile-es china-es colombia-es espana francia india-es italia marruecos mexico-es peru-es polonia portugal-es reino-unido rusia sudafrica tailandia turquia ucrania vietnam-es icon-style-default container-style-default\" data-container-animation=\"bounce-in\" data-icon-animation=\"bounce-in\">\n\n\t\n\t\t<a class=\"cd-timeline-icon-link\" href=\"https:\/\/www.gipa.eu\/es\/announcement\/moroccan-aftermarket-overview-dynamic\/\">\n\n\t\t\n\t\t<div class=\"cd-timeline-img cd-picture\" style=\"background:#f79520;\">\n\n\t\t\t<!-- Custom Action Hook -->\n\n\t\t\t\n\t\t\t\t<!-- Standard Font Awesome Icon -->\n\n\t\t\t\t<span class=\"fa fa-newspaper-o\" title=\"Moroccan aftermarket overview and dynamic\"><\/span>\n\n\t\t\t\n\t\t<\/div> <!-- cd-timeline-img -->\n\t\n\t\t<\/a>\n\n\t\t\n\t<!-- Timeline Content -->\n\t<div class=\"cd-timeline-content\">\n\n\t\t\n\t\t<!-- Announcement Title -->\n\t\t<div class=\"cd-timeline-title-container\">\n\n\t\t\t\n\t\t\t<h2 class=\"cd-timeline-item-title\">\n\t\t\t\tMoroccan aftermarket overview and dynamic\t\t\t<\/h2>\n\n\t\t\t\t\t\t\t<strong class=\"timeline-date\">\n\t\t\t\t\t18 de octubre de 2017\t\t\t\t<\/strong>\n\t\t\t\t\t\t<\/div>\n\t\t<!-- End Announcement Title -->\n\n\t\t<img loading=\"lazy\" decoding=\"async\" width=\"335\" height=\"120\" src=\"https:\/\/www.gipa.eu\/wp-content\/uploads\/2017\/11\/equipauto1810-335x120.jpg\" class=\"announcement-banner-image\" alt=\"Moroccan aftermarket overview and dynamic\" \/>\n\t\t<!-- Announcement Excerpt -->\n\t\t<div class=\"the-excerpt\">\n\t\t\tGiPA, guest speaking at EquipAuto 2017, goes into detail, on the show&#8217;s TV news, about the dynamics of the Moroccan automotive market and the opportunites it presents in terms of the...<a class=\"timeline-express-read-more-link\" href=\"https:\/\/www.gipa.eu\/es\/announcement\/moroccan-aftermarket-overview-dynamic\/\"> Lee mas\r\n<\/a>\t\t<\/div>\n\t\t<!-- End Announcement Excerpt -->\n\n\t\t\n\t<\/div>\n\t<!-- End Timeline Content -->\n\n\t\n<\/div>\n<!-- End Timeline Block -->\n\n<div id=\"the-connected-workshop\" class=\"cd-timeline-block octubre 17 2017 legacy-layout announcement-9944 2017 news alemania argentina-es brasil centroamerica chile-es china-es colombia-es espana francia india-es italia marruecos mexico-es peru-es polonia portugal-es reino-unido rusia sudafrica tailandia turquia ucrania vietnam-es icon-style-default container-style-default\" data-container-animation=\"bounce-in\" data-icon-animation=\"bounce-in\">\n\n\t\n\t\t<a class=\"cd-timeline-icon-link\" href=\"https:\/\/www.gipa.eu\/es\/announcement\/the-connected-workshop\/\">\n\n\t\t\n\t\t<div class=\"cd-timeline-img cd-picture\" style=\"background:#f79520;\">\n\n\t\t\t<!-- Custom Action Hook -->\n\n\t\t\t\n\t\t\t\t<!-- Standard Font Awesome Icon -->\n\n\t\t\t\t<span class=\"fa fa-newspaper-o\" title=\"The connected workshop\"><\/span>\n\n\t\t\t\n\t\t<\/div> <!-- cd-timeline-img -->\n\t\n\t\t<\/a>\n\n\t\t\n\t<!-- Timeline Content -->\n\t<div class=\"cd-timeline-content\">\n\n\t\t\n\t\t<!-- Announcement Title -->\n\t\t<div class=\"cd-timeline-title-container\">\n\n\t\t\t\n\t\t\t<h2 class=\"cd-timeline-item-title\">\n\t\t\t\tThe connected workshop\t\t\t<\/h2>\n\n\t\t\t\t\t\t\t<strong class=\"timeline-date\">\n\t\t\t\t\t17 de octubre de 2017\t\t\t\t<\/strong>\n\t\t\t\t\t\t<\/div>\n\t\t<!-- End Announcement Title -->\n\n\t\t<img loading=\"lazy\" decoding=\"async\" width=\"330\" height=\"120\" src=\"https:\/\/www.gipa.eu\/wp-content\/uploads\/2017\/11\/Equipauto-1710-1-330x120.jpg\" class=\"announcement-banner-image\" alt=\"The connected workshop\" \/>\n\t\t<!-- Announcement Excerpt -->\n\t\t<div class=\"the-excerpt\">\n\t\t\tDigital advances directly impact aftermarket professionals daily: &#8211; From the repairers with connected diagnostic and technical information. &#8211; To the drivers who have new routes to market...<a class=\"timeline-express-read-more-link\" href=\"https:\/\/www.gipa.eu\/es\/announcement\/the-connected-workshop\/\"> Lee mas\r\n<\/a>\t\t<\/div>\n\t\t<!-- End Announcement Excerpt -->\n\n\t\t\n\t<\/div>\n\t<!-- End Timeline Content -->\n\n\t\n<\/div>\n<!-- End Timeline Block -->\n\n<div id=\"gipas-excellence-awards\" class=\"cd-timeline-block mayo 24 2017 legacy-layout announcement-9857 2017 news alemania argentina-es brasil centroamerica chile-es china-es colombia-es espana francia india-es italia marruecos mexico-es peru-es polonia portugal-es reino-unido rusia sudafrica tailandia turquia ucrania vietnam-es icon-style-default container-style-default\" data-container-animation=\"bounce-in\" data-icon-animation=\"bounce-in\">\n\n\t\n\t\t<a class=\"cd-timeline-icon-link\" href=\"https:\/\/www.gipa.eu\/es\/announcement\/gipas-excellence-awards\/\">\n\n\t\t\n\t\t<div class=\"cd-timeline-img cd-picture\" style=\"background:#f79520;\">\n\n\t\t\t<!-- Custom Action Hook -->\n\n\t\t\t\n\t\t\t\t<!-- Standard Font Awesome Icon -->\n\n\t\t\t\t<span class=\"fa fa-newspaper-o\" title=\"GiPA&#8217;s excellence Awards\"><\/span>\n\n\t\t\t\n\t\t<\/div> <!-- cd-timeline-img -->\n\t\n\t\t<\/a>\n\n\t\t\n\t<!-- Timeline Content -->\n\t<div class=\"cd-timeline-content\">\n\n\t\t\n\t\t<!-- Announcement Title -->\n\t\t<div class=\"cd-timeline-title-container\">\n\n\t\t\t\n\t\t\t<h2 class=\"cd-timeline-item-title\">\n\t\t\t\tGiPA&#8217;s excellence Awards\t\t\t<\/h2>\n\n\t\t\t\t\t\t\t<strong class=\"timeline-date\">\n\t\t\t\t\t24 de mayo de 2017\t\t\t\t<\/strong>\n\t\t\t\t\t\t<\/div>\n\t\t<!-- End Announcement Title -->\n\n\t\t<img loading=\"lazy\" decoding=\"async\" width=\"350\" height=\"120\" src=\"https:\/\/www.gipa.eu\/wp-content\/uploads\/2017\/05\/Autopromotec2017-2-350x120.jpg\" class=\"announcement-banner-image\" alt=\"GiPA&#8217;s excellence Awards\" \/>\n\t\t<!-- Announcement Excerpt -->\n\t\t<div class=\"the-excerpt\">\n\t\t\tBologna, Prizegiving ceremony of GiPA&#8217;s excellence Awards: 12 trophies are awarded to pre-eminent Italian automobile aftermaket exponents, during Autopromotec Fair, in a crowded hall and in the...<a class=\"timeline-express-read-more-link\" href=\"https:\/\/www.gipa.eu\/es\/announcement\/gipas-excellence-awards\/\"> Lee mas\r\n<\/a>\t\t<\/div>\n\t\t<!-- End Announcement Excerpt -->\n\n\t\t\n\t<\/div>\n\t<!-- End Timeline Content -->\n\n\t\n<\/div>\n<!-- End Timeline Block -->\n\n<div id=\"foundation-of-the-megacities-institute\" class=\"cd-timeline-block marzo 22 2017 legacy-layout announcement-9714 2017 news alemania argentina-es brasil centroamerica chile-es china-es colombia-es espana francia india-es italia marruecos mexico-es peru-es polonia portugal-es reino-unido rusia sudafrica tailandia turquia ucrania vietnam-es icon-style-default container-style-default\" data-container-animation=\"bounce-in\" data-icon-animation=\"bounce-in\">\n\n\t\n\t\t<div class=\"cd-timeline-img cd-picture icon-no-readmore\" style=\"background:#f79520;\">\n\n\t\t\t<!-- Custom Action Hook -->\n\n\t\t\t\n\t\t\t\t<!-- Standard Font Awesome Icon -->\n\n\t\t\t\t<span class=\"fa fa-newspaper-o\" title=\"Foundation of the \u201cMegacities Institute\u201d\"><\/span>\n\n\t\t\t\n\t\t<\/div> <!-- cd-timeline-img -->\n\t\n\t\t<\/a>\n\n\t\t\n\t<!-- Timeline Content -->\n\t<div class=\"cd-timeline-content\">\n\n\t\t\n\t\t<!-- Announcement Title -->\n\t\t<div class=\"cd-timeline-title-container\">\n\n\t\t\t\n\t\t\t<h2 class=\"cd-timeline-item-title\">\n\t\t\t\tFoundation of the \u201cMegacities Institute\u201d\t\t\t<\/h2>\n\n\t\t\t\t\t\t\t<strong class=\"timeline-date\">\n\t\t\t\t\t22 de marzo de 2017\t\t\t\t<\/strong>\n\t\t\t\t\t\t<\/div>\n\t\t<!-- End Announcement Title -->\n\n\t\t<img loading=\"lazy\" decoding=\"async\" width=\"350\" height=\"120\" src=\"https:\/\/www.gipa.eu\/wp-content\/uploads\/2017\/03\/Photo-Studio-M\u00e9ga-350x120.jpg\" class=\"announcement-banner-image\" alt=\"Foundation of the \u201cMegacities Institute\u201d\" \/>\n\t\t<!-- Announcement Excerpt -->\n\t\t<div class=\"the-excerpt\">\n\t\t\tEric Devos has been interviewed by the french media http:\/\/www.autok7.press\/megacities-institute-ne-observer-levolution-100-monstres-urbains-seront-frontiere-ultime-de-lhumanite\/\t\t<\/div>\n\t\t<!-- End Announcement Excerpt -->\n\n\t\t\n\t<\/div>\n\t<!-- End Timeline Content -->\n\n\t\n<\/div>\n<!-- End Timeline Block -->\n\n<div id=\"foundation-of-the-megacities-institute\" class=\"cd-timeline-block marzo 21 2017 legacy-layout announcement-9701 2017 news alemania argentina-es brasil centroamerica chile-es china-es colombia-es espana francia india-es italia marruecos mexico-es peru-es polonia portugal-es reino-unido rusia sudafrica tailandia turquia ucrania vietnam-es icon-style-default container-style-default\" data-container-animation=\"bounce-in\" data-icon-animation=\"bounce-in\">\n\n\t\n\t\t<a class=\"cd-timeline-icon-link\" href=\"https:\/\/www.gipa.eu\/es\/announcement\/foundation-megacities-institute\/\">\n\n\t\t\n\t\t<div class=\"cd-timeline-img cd-picture\" style=\"background:#f79520;\">\n\n\t\t\t<!-- Custom Action Hook -->\n\n\t\t\t\n\t\t\t\t<!-- Standard Font Awesome Icon -->\n\n\t\t\t\t<span class=\"fa fa-newspaper-o\" title=\"Foundation of the \u201cMegacities Institute\u201d\"><\/span>\n\n\t\t\t\n\t\t<\/div> <!-- cd-timeline-img -->\n\t\n\t\t<\/a>\n\n\t\t\n\t<!-- Timeline Content -->\n\t<div class=\"cd-timeline-content\">\n\n\t\t\n\t\t<!-- Announcement Title -->\n\t\t<div class=\"cd-timeline-title-container\">\n\n\t\t\t\n\t\t\t<h2 class=\"cd-timeline-item-title\">\n\t\t\t\tFoundation of the \u201cMegacities Institute\u201d\t\t\t<\/h2>\n\n\t\t\t\t\t\t\t<strong class=\"timeline-date\">\n\t\t\t\t\t21 de marzo de 2017\t\t\t\t<\/strong>\n\t\t\t\t\t\t<\/div>\n\t\t<!-- End Announcement Title -->\n\n\t\t<img loading=\"lazy\" decoding=\"async\" width=\"350\" height=\"120\" src=\"https:\/\/www.gipa.eu\/wp-content\/uploads\/2017\/03\/M\u00e9gaVille-350x120.jpg\" class=\"announcement-banner-image\" alt=\"Foundation of the \u201cMegacities Institute\u201d\" \/>\n\t\t<!-- Announcement Excerpt -->\n\t\t<div class=\"the-excerpt\">\n\t\t\tThe aim of the \u201cMegacities Institute\u201d is to study the variety of solutions implemented by the megacities around the world to solve these problems, assess them and disseminate them. The Institute...<a class=\"timeline-express-read-more-link\" href=\"https:\/\/www.gipa.eu\/es\/announcement\/foundation-megacities-institute\/\"> Lee mas\r\n<\/a>\t\t<\/div>\n\t\t<!-- End Announcement Excerpt -->\n\n\t\t\n\t<\/div>\n\t<!-- End Timeline Content -->\n\n\t\n<\/div>\n<!-- End Timeline Block -->\n\n<div id=\"gipa-group-strengthens-its-organization-in-the-uk\" class=\"cd-timeline-block febrero 22 2017 legacy-layout announcement-9661 2017 news alemania argentina-es brasil centroamerica chile-es china-es colombia-es espana francia india-es italia marruecos mexico-es peru-es polonia portugal-es reino-unido rusia sudafrica tailandia turquia ucrania vietnam-es icon-style-default container-style-default\" data-container-animation=\"bounce-in\" data-icon-animation=\"bounce-in\">\n\n\t\n\t\t<a class=\"cd-timeline-icon-link\" href=\"https:\/\/www.gipa.eu\/es\/announcement\/gipa-group-strengthens-organization-uk\/\">\n\n\t\t\n\t\t<div class=\"cd-timeline-img cd-picture\" style=\"background:#f79520;\">\n\n\t\t\t<!-- Custom Action Hook -->\n\n\t\t\t\n\t\t\t\t<!-- Standard Font Awesome Icon -->\n\n\t\t\t\t<span class=\"fa fa-newspaper-o\" title=\"GiPA Group strengthens its organization in the UK\"><\/span>\n\n\t\t\t\n\t\t<\/div> <!-- cd-timeline-img -->\n\t\n\t\t<\/a>\n\n\t\t\n\t<!-- Timeline Content -->\n\t<div class=\"cd-timeline-content\">\n\n\t\t\n\t\t<!-- Announcement Title -->\n\t\t<div class=\"cd-timeline-title-container\">\n\n\t\t\t\n\t\t\t<h2 class=\"cd-timeline-item-title\">\n\t\t\t\tGiPA Group strengthens its organization in the UK\t\t\t<\/h2>\n\n\t\t\t\t\t\t\t<strong class=\"timeline-date\">\n\t\t\t\t\t22 de febrero de 2017\t\t\t\t<\/strong>\n\t\t\t\t\t\t<\/div>\n\t\t<!-- End Announcement Title -->\n\n\t\t<img loading=\"lazy\" decoding=\"async\" width=\"350\" height=\"120\" src=\"https:\/\/www.gipa.eu\/wp-content\/uploads\/2017\/02\/Quentin-Le-Hetet-2-350x120.jpg\" class=\"announcement-banner-image\" alt=\"GiPA Group strengthens its organization in the UK\" \/>\n\t\t<!-- Announcement Excerpt -->\n\t\t<div class=\"the-excerpt\">\n\t\t\tAs of the 1st January 2017, Quentin Le Hetet has been appointed General Manager of GiPA UK. Quentin began working for the GiPA Group in Paris in 2013, having previously worked as a consultant for...<a class=\"timeline-express-read-more-link\" href=\"https:\/\/www.gipa.eu\/es\/announcement\/gipa-group-strengthens-organization-uk\/\"> Lee mas\r\n<\/a>\t\t<\/div>\n\t\t<!-- End Announcement Excerpt -->\n\n\t\t\n\t<\/div>\n\t<!-- End Timeline Content -->\n\n\t\n<\/div>\n<!-- End Timeline Block -->\n\n<div id=\"gipas-8th-international-meeting-in-frankfurt\" class=\"cd-timeline-block enero 19 2017 legacy-layout announcement-8354 2017 news alemania argentina-es brasil centroamerica chile-es china-es colombia-es espana francia india-es italia marruecos mexico-es peru-es polonia portugal-es reino-unido rusia sudafrica tailandia turquia ucrania vietnam-es icon-style-default container-style-default\" data-container-animation=\"bounce-in\" data-icon-animation=\"bounce-in\">\n\n\t\n\t\t<a class=\"cd-timeline-icon-link\" href=\"https:\/\/www.gipa.eu\/es\/announcement\/gipas-8th-international-meeting-in-frankfurt\/\">\n\n\t\t\n\t\t<div class=\"cd-timeline-img cd-picture\" style=\"background:#f79520;\">\n\n\t\t\t<!-- Custom Action Hook -->\n\n\t\t\t\n\t\t\t\t<!-- Standard Font Awesome Icon -->\n\n\t\t\t\t<span class=\"fa fa-newspaper-o\" title=\"GiPA\u2019s 8th international meeting in Frankfurt\"><\/span>\n\n\t\t\t\n\t\t<\/div> <!-- cd-timeline-img -->\n\t\n\t\t<\/a>\n\n\t\t\n\t<!-- Timeline Content -->\n\t<div class=\"cd-timeline-content\">\n\n\t\t\n\t\t<!-- Announcement Title -->\n\t\t<div class=\"cd-timeline-title-container\">\n\n\t\t\t\n\t\t\t<h2 class=\"cd-timeline-item-title\">\n\t\t\t\tGiPA\u2019s 8th international meeting in Frankfurt\t\t\t<\/h2>\n\n\t\t\t\t\t\t\t<strong class=\"timeline-date\">\n\t\t\t\t\t19 de enero de 2017\t\t\t\t<\/strong>\n\t\t\t\t\t\t<\/div>\n\t\t<!-- End Announcement Title -->\n\n\t\t<img loading=\"lazy\" decoding=\"async\" width=\"350\" height=\"120\" src=\"https:\/\/www.gipa.eu\/wp-content\/uploads\/2016\/05\/ADB-Annual-Meeting-Druck-compress\u00e9e-350x120.jpg\" class=\"announcement-banner-image\" alt=\"GiPA\u2019s 8th international meeting in Frankfurt\" \/>\n\t\t<!-- Announcement Excerpt -->\n\t\t<div class=\"the-excerpt\">\n\t\t\tGiPA&#8217;s 8th international meeting will take place in Frankfurt the 19th of January 2017. This meeting is an opportunity to meet GiPA\u2019s country managers coming from 13 countries all over the...<a class=\"timeline-express-read-more-link\" href=\"https:\/\/www.gipa.eu\/es\/announcement\/gipas-8th-international-meeting-in-frankfurt\/\"> Lee mas\r\n<\/a>\t\t<\/div>\n\t\t<!-- End Announcement Excerpt -->\n\n\t\t\n\t<\/div>\n\t<!-- End Timeline Content -->\n\n\t\n<\/div>\n<!-- End Timeline Block -->\n\n<div id=\"traffic-restrictions-due-to-air-pollution-in-spain\" class=\"cd-timeline-block enero 03 2017 legacy-layout announcement-9473 2017 news alemania argentina-es brasil centroamerica chile-es china-es colombia-es espana francia india-es italia marruecos mexico-es peru-es polonia portugal-es reino-unido rusia sudafrica tailandia turquia ucrania vietnam-es icon-style-default container-style-default\" data-container-animation=\"bounce-in\" data-icon-animation=\"bounce-in\">\n\n\t\n\t\t<a class=\"cd-timeline-icon-link\" href=\"https:\/\/www.gipa.eu\/es\/announcement\/traffic-restrictions-due-air-pollution-spain\/\">\n\n\t\t\n\t\t<div class=\"cd-timeline-img cd-picture\" style=\"background:#f79520;\">\n\n\t\t\t<!-- Custom Action Hook -->\n\n\t\t\t\n\t\t\t\t<!-- Standard Font Awesome Icon -->\n\n\t\t\t\t<span class=\"fa fa-newspaper-o\" title=\"Traffic restrictions due to air pollution in Spain\"><\/span>\n\n\t\t\t\n\t\t<\/div> <!-- cd-timeline-img -->\n\t\n\t\t<\/a>\n\n\t\t\n\t<!-- Timeline Content -->\n\t<div class=\"cd-timeline-content\">\n\n\t\t\n\t\t<!-- Announcement Title -->\n\t\t<div class=\"cd-timeline-title-container\">\n\n\t\t\t\n\t\t\t<h2 class=\"cd-timeline-item-title\">\n\t\t\t\tTraffic restrictions due to air pollution in Spain\t\t\t<\/h2>\n\n\t\t\t\t\t\t\t<strong class=\"timeline-date\">\n\t\t\t\t\t3 de enero de 2017\t\t\t\t<\/strong>\n\t\t\t\t\t\t<\/div>\n\t\t<!-- End Announcement Title -->\n\n\t\t<img loading=\"lazy\" decoding=\"async\" width=\"350\" height=\"120\" src=\"https:\/\/www.gipa.eu\/wp-content\/uploads\/2017\/01\/Fernando-350x120.jpg\" class=\"announcement-banner-image\" alt=\"Traffic restrictions due to air pollution in Spain\" \/>\n\t\t<!-- Announcement Excerpt -->\n\t\t<div class=\"the-excerpt\">\n\t\t\tFor the 1st time Madrid was imposed traffic restrictions due to air pollution. Fernando Lopez, GiPA Spain manager, was interviewed by a leading TV channel. For any further information (spain video),...<a class=\"timeline-express-read-more-link\" href=\"https:\/\/www.gipa.eu\/es\/announcement\/traffic-restrictions-due-air-pollution-spain\/\"> Lee mas\r\n<\/a>\t\t<\/div>\n\t\t<!-- End Announcement Excerpt -->\n\n\t\t\n\t<\/div>\n\t<!-- End Timeline Content -->\n\n\t\n<\/div>\n<!-- End Timeline Block -->\n\n<div id=\"world-automotive-conference-in-turkey-2016\" class=\"cd-timeline-block noviembre 29 2016 legacy-layout announcement-9377 2016 news alemania argentina-es brasil centroamerica chile-es china-es colombia-es espana francia india-es italia marruecos mexico-es peru-es polonia portugal-es reino-unido rusia sudafrica tailandia turquia ucrania vietnam-es icon-style-default container-style-default\" data-container-animation=\"bounce-in\" data-icon-animation=\"bounce-in\">\n\n\t\n\t\t<a class=\"cd-timeline-icon-link\" href=\"https:\/\/www.gipa.eu\/es\/announcement\/world-automotive-conference-turkey-2016\/\">\n\n\t\t\n\t\t<div class=\"cd-timeline-img cd-picture\" style=\"background:#f79520;\">\n\n\t\t\t<!-- Custom Action Hook -->\n\n\t\t\t\n\t\t\t\t<!-- Standard Font Awesome Icon -->\n\n\t\t\t\t<span class=\"fa fa-newspaper-o\" title=\"World Automotive Conference in Turkey  2016\"><\/span>\n\n\t\t\t\n\t\t<\/div> <!-- cd-timeline-img -->\n\t\n\t\t<\/a>\n\n\t\t\n\t<!-- Timeline Content -->\n\t<div class=\"cd-timeline-content\">\n\n\t\t\n\t\t<!-- Announcement Title -->\n\t\t<div class=\"cd-timeline-title-container\">\n\n\t\t\t\n\t\t\t<h2 class=\"cd-timeline-item-title\">\n\t\t\t\tWorld Automotive Conference in Turkey  2016\t\t\t<\/h2>\n\n\t\t\t\t\t\t\t<strong class=\"timeline-date\">\n\t\t\t\t\t29 de noviembre de 2016\t\t\t\t<\/strong>\n\t\t\t\t\t\t<\/div>\n\t\t<!-- End Announcement Title -->\n\n\t\t<img loading=\"lazy\" decoding=\"async\" width=\"350\" height=\"120\" src=\"https:\/\/www.gipa.eu\/wp-content\/uploads\/2016\/12\/World-auto-conf\u00e9rence-Turkey-350x120.png\" class=\"announcement-banner-image\" alt=\"World Automotive Conference in Turkey  2016\" \/>\n\t\t<!-- Announcement Excerpt -->\n\t\t<div class=\"the-excerpt\">\n\t\t\tQuentin Le Hetet attended the World Automotive Conference in Istanbul on the 29th and 30th of November. As a representative of GiPA in Turkey, he animated a round table about the future of the...<a class=\"timeline-express-read-more-link\" href=\"https:\/\/www.gipa.eu\/es\/announcement\/world-automotive-conference-turkey-2016\/\"> Lee mas\r\n<\/a>\t\t<\/div>\n\t\t<!-- End Announcement Excerpt -->\n\n\t\t\n\t<\/div>\n\t<!-- End Timeline Content -->\n\n\t\n<\/div>\n<!-- End Timeline Block -->\n\n<div id=\"how-does-financing-boost-second-hand-sales-in-france\" class=\"cd-timeline-block octubre 13 2016 legacy-layout announcement-9368 2016 news alemania argentina-es brasil centroamerica chile-es china-es colombia-es espana francia india-es italia marruecos mexico-es peru-es polonia portugal-es reino-unido rusia sudafrica tailandia turquia ucrania vietnam-es icon-style-default container-style-default\" data-container-animation=\"bounce-in\" data-icon-animation=\"bounce-in\">\n\n\t\n\t\t<a class=\"cd-timeline-icon-link\" href=\"https:\/\/www.gipa.eu\/es\/announcement\/financing-boost-second-hand-sales\/\">\n\n\t\t\n\t\t<div class=\"cd-timeline-img cd-picture\" style=\"background:#f79520;\">\n\n\t\t\t<!-- Custom Action Hook -->\n\n\t\t\t\n\t\t\t\t<!-- Standard Font Awesome Icon -->\n\n\t\t\t\t<span class=\"fa fa-newspaper-o\" title=\"How does financing boost second hand sales in France ?\"><\/span>\n\n\t\t\t\n\t\t<\/div> <!-- cd-timeline-img -->\n\t\n\t\t<\/a>\n\n\t\t\n\t<!-- Timeline Content -->\n\t<div class=\"cd-timeline-content\">\n\n\t\t\n\t\t<!-- Announcement Title -->\n\t\t<div class=\"cd-timeline-title-container\">\n\n\t\t\t\n\t\t\t<h2 class=\"cd-timeline-item-title\">\n\t\t\t\tHow does financing boost second hand sales in France ?\t\t\t<\/h2>\n\n\t\t\t\t\t\t\t<strong class=\"timeline-date\">\n\t\t\t\t\t13 de octubre de 2016\t\t\t\t<\/strong>\n\t\t\t\t\t\t<\/div>\n\t\t<!-- End Announcement Title -->\n\n\t\t<img loading=\"lazy\" decoding=\"async\" width=\"350\" height=\"120\" src=\"https:\/\/www.gipa.eu\/wp-content\/uploads\/2016\/12\/Services-350x120.png\" class=\"announcement-banner-image\" alt=\"How does financing boost second hand sales in France ?\" \/>\n\t\t<!-- Announcement Excerpt -->\n\t\t<div class=\"the-excerpt\">\n\t\t\tWhat if the VO grows in scope, while generating more profits? By developing financing and, if possible, in the form of LOA, this activity becomes very profitable, as shown by the focus groups...<a class=\"timeline-express-read-more-link\" href=\"https:\/\/www.gipa.eu\/es\/announcement\/financing-boost-second-hand-sales\/\"> Lee mas\r\n<\/a>\t\t<\/div>\n\t\t<!-- End Announcement Excerpt -->\n\n\t\t\n\t<\/div>\n\t<!-- End Timeline Content -->\n\n\t\n<\/div>\n<!-- End Timeline Block -->\n\n<div id=\"automotive-repairers-a-profession-which-has-a-future\" class=\"cd-timeline-block julio 29 2016 legacy-layout announcement-9359 2016 news alemania argentina-es brasil centroamerica chile-es china-es colombia-es espana francia india-es italia marruecos mexico-es peru-es polonia portugal-es reino-unido rusia sudafrica tailandia turquia ucrania vietnam-es icon-style-default container-style-default\" data-container-animation=\"bounce-in\" data-icon-animation=\"bounce-in\">\n\n\t\n\t\t<a class=\"cd-timeline-icon-link\" href=\"https:\/\/www.gipa.eu\/es\/announcement\/automotive-repairers-profession-future\/\">\n\n\t\t\n\t\t<div class=\"cd-timeline-img cd-picture\" style=\"background:#f79520;\">\n\n\t\t\t<!-- Custom Action Hook -->\n\n\t\t\t\n\t\t\t\t<!-- Standard Font Awesome Icon -->\n\n\t\t\t\t<span class=\"fa fa-newspaper-o\" title=\"Automotive repairers :a profession which has a future\"><\/span>\n\n\t\t\t\n\t\t<\/div> <!-- cd-timeline-img -->\n\t\n\t\t<\/a>\n\n\t\t\n\t<!-- Timeline Content -->\n\t<div class=\"cd-timeline-content\">\n\n\t\t\n\t\t<!-- Announcement Title -->\n\t\t<div class=\"cd-timeline-title-container\">\n\n\t\t\t\n\t\t\t<h2 class=\"cd-timeline-item-title\">\n\t\t\t\tAutomotive repairers :a profession which has a future\t\t\t<\/h2>\n\n\t\t\t\t\t\t\t<strong class=\"timeline-date\">\n\t\t\t\t\t29 de julio de 2016\t\t\t\t<\/strong>\n\t\t\t\t\t\t<\/div>\n\t\t<!-- End Announcement Title -->\n\n\t\t<img loading=\"lazy\" decoding=\"async\" width=\"350\" height=\"120\" src=\"https:\/\/www.gipa.eu\/wp-content\/uploads\/2016\/12\/CNPA-350x120.png\" class=\"announcement-banner-image\" alt=\"Automotive repairers :a profession which has a future\" \/>\n\t\t<!-- Announcement Excerpt -->\n\t\t<div class=\"the-excerpt\">\n\t\t\tOdette Dantas (GiPA France) is interviewed by the CNPA (national council of automotive industry) on the opportunity and the future of the automotive repairers. For any further information, please...<a class=\"timeline-express-read-more-link\" href=\"https:\/\/www.gipa.eu\/es\/announcement\/automotive-repairers-profession-future\/\"> Lee mas\r\n<\/a>\t\t<\/div>\n\t\t<!-- End Announcement Excerpt -->\n\n\t\t\n\t<\/div>\n\t<!-- End Timeline Content -->\n\n\t\n<\/div>\n<!-- End Timeline Block -->\n\n<div id=\"new-web-site-for-gipa-group\" class=\"cd-timeline-block mayo 30 2016 legacy-layout announcement-8455 2016 news alemania argentina-es brasil centroamerica chile-es china-es colombia-es espana francia india-es italia marruecos mexico-es peru-es polonia portugal-es reino-unido rusia sudafrica tailandia turquia ucrania vietnam-es icon-style-default container-style-default\" data-container-animation=\"bounce-in\" data-icon-animation=\"bounce-in\">\n\n\t\n\t\t<a class=\"cd-timeline-icon-link\" href=\"https:\/\/www.gipa.eu\/es\/announcement\/new-web-site-for-gipa-group\/\">\n\n\t\t\n\t\t<div class=\"cd-timeline-img cd-picture\" style=\"background:#f79520;\">\n\n\t\t\t<!-- Custom Action Hook -->\n\n\t\t\t\n\t\t\t\t<!-- Standard Font Awesome Icon -->\n\n\t\t\t\t<span class=\"fa fa-newspaper-o\" title=\"New web site for GiPA Group!\"><\/span>\n\n\t\t\t\n\t\t<\/div> <!-- cd-timeline-img -->\n\t\n\t\t<\/a>\n\n\t\t\n\t<!-- Timeline Content -->\n\t<div class=\"cd-timeline-content\">\n\n\t\t\n\t\t<!-- Announcement Title -->\n\t\t<div class=\"cd-timeline-title-container\">\n\n\t\t\t\n\t\t\t<h2 class=\"cd-timeline-item-title\">\n\t\t\t\tNew web site for GiPA Group!\t\t\t<\/h2>\n\n\t\t\t\t\t\t\t<strong class=\"timeline-date\">\n\t\t\t\t\t30 de mayo de 2016\t\t\t\t<\/strong>\n\t\t\t\t\t\t<\/div>\n\t\t<!-- End Announcement Title -->\n\n\t\t<img loading=\"lazy\" decoding=\"async\" width=\"350\" height=\"120\" src=\"https:\/\/www.gipa.eu\/wp-content\/uploads\/2016\/06\/site-web-350x120.jpg\" class=\"announcement-banner-image\" alt=\"New web site for GiPA Group!\" \/>\n\t\t<!-- Announcement Excerpt -->\n\t\t<div class=\"the-excerpt\">\n\t\t\tGiPA &#8211; Research Company dedicated to the automotive aftermarket &#8211; has developed a wide international coverage that allowed it to build a global vision of the automotive aftermarket....<a class=\"timeline-express-read-more-link\" href=\"https:\/\/www.gipa.eu\/es\/announcement\/new-web-site-for-gipa-group\/\"> Lee mas\r\n<\/a>\t\t<\/div>\n\t\t<!-- End Announcement Excerpt -->\n\n\t\t\n\t<\/div>\n\t<!-- End Timeline Content -->\n\n\t\n<\/div>\n<!-- End Timeline Block -->\n\n<div id=\"gipa-attended-taysad-vii-aftermarket-conference-in-istanbul\" class=\"cd-timeline-block mayo 27 2016 legacy-layout announcement-8618 2016 news alemania argentina-es brasil centroamerica chile-es china-es colombia-es espana francia india-es italia marruecos mexico-es peru-es polonia portugal-es reino-unido rusia sudafrica tailandia turquia ucrania vietnam-es icon-style-default container-style-default\" data-container-animation=\"bounce-in\" data-icon-animation=\"bounce-in\">\n\n\t\n\t\t<a class=\"cd-timeline-icon-link\" href=\"https:\/\/www.gipa.eu\/es\/announcement\/gipa-attended-taysad-vii-aftermarket-conference-in-istanbul\/\">\n\n\t\t\n\t\t<div class=\"cd-timeline-img cd-picture\" style=\"background:#f79520;\">\n\n\t\t\t<!-- Custom Action Hook -->\n\n\t\t\t\n\t\t\t\t<!-- Standard Font Awesome Icon -->\n\n\t\t\t\t<span class=\"fa fa-newspaper-o\" title=\"GiPA attended Taysad VII. Aftermarket conference in Istanbul\"><\/span>\n\n\t\t\t\n\t\t<\/div> <!-- cd-timeline-img -->\n\t\n\t\t<\/a>\n\n\t\t\n\t<!-- Timeline Content -->\n\t<div class=\"cd-timeline-content\">\n\n\t\t\n\t\t<!-- Announcement Title -->\n\t\t<div class=\"cd-timeline-title-container\">\n\n\t\t\t\n\t\t\t<h2 class=\"cd-timeline-item-title\">\n\t\t\t\tGiPA attended Taysad VII. Aftermarket conference in Istanbul\t\t\t<\/h2>\n\n\t\t\t\t\t\t\t<strong class=\"timeline-date\">\n\t\t\t\t\t27 de mayo de 2016\t\t\t\t<\/strong>\n\t\t\t\t\t\t<\/div>\n\t\t<!-- End Announcement Title -->\n\n\t\t<img loading=\"lazy\" decoding=\"async\" width=\"350\" height=\"120\" src=\"https:\/\/www.gipa.eu\/wp-content\/uploads\/2015\/10\/Taysad_Le_Hetet_Interview-350x120.jpg\" class=\"announcement-banner-image\" alt=\"GiPA attended Taysad VII. Aftermarket conference in Istanbul\" \/>\n\t\t<!-- Announcement Excerpt -->\n\t\t<div class=\"the-excerpt\">\n\t\t\tQuentin Le Hetet, who coordinates Turkish market for GiPA, participated to Taysad Aftermarket Conference on the 27th of May in Istanbul. In his presentation, Quentin presented the market...<a class=\"timeline-express-read-more-link\" href=\"https:\/\/www.gipa.eu\/es\/announcement\/gipa-attended-taysad-vii-aftermarket-conference-in-istanbul\/\"> Lee mas\r\n<\/a>\t\t<\/div>\n\t\t<!-- End Announcement Excerpt -->\n\n\t\t\n\t<\/div>\n\t<!-- End Timeline Content -->\n\n\t\n<\/div>\n<!-- End Timeline Block -->\n\n<div id=\"7eme-reunion-internationale-gipa\" class=\"cd-timeline-block enero 15 2016 legacy-layout announcement-7721 2016 news alemania espana francia italia reino-unido sudafrica icon-style-default container-style-default\" data-container-animation=\"bounce-in\" data-icon-animation=\"bounce-in\">\n\n\t\n\t\t<div class=\"cd-timeline-img cd-picture icon-no-readmore\" style=\"background:#f79520;\">\n\n\t\t\t<!-- Custom Action Hook -->\n\n\t\t\t\n\t\t\t\t<!-- Standard Font Awesome Icon -->\n\n\t\t\t\t<span class=\"fa fa-calendar\" title=\"7\u00e8me r\u00e9union internationale GiPA\"><\/span>\n\n\t\t\t\n\t\t<\/div> <!-- cd-timeline-img -->\n\t\n\t\t<\/a>\n\n\t\t\n\t<!-- Timeline Content -->\n\t<div class=\"cd-timeline-content\">\n\n\t\t\n\t\t<!-- Announcement Title -->\n\t\t<div class=\"cd-timeline-title-container\">\n\n\t\t\t\n\t\t\t<h2 class=\"cd-timeline-item-title\">\n\t\t\t\t7\u00e8me r\u00e9union internationale GiPA\t\t\t<\/h2>\n\n\t\t\t\t\t\t\t<strong class=\"timeline-date\">\n\t\t\t\t\t15 de enero de 2016\t\t\t\t<\/strong>\n\t\t\t\t\t\t<\/div>\n\t\t<!-- End Announcement Title -->\n\n\t\t<img loading=\"lazy\" decoding=\"async\" width=\"350\" height=\"120\" src=\"https:\/\/www.gipa.eu\/wp-content\/uploads\/2015\/12\/Le-Salons-de-la-Maison-des-Arts-et-M\u00e9tiers-Paris-16eme-350x120.jpg\" class=\"announcement-banner-image\" alt=\"7\u00e8me r\u00e9union internationale GiPA\" \/>\n\t\t<!-- Announcement Excerpt -->\n\t\t<div class=\"the-excerpt\">\n\t\t\t\t\t<\/div>\n\t\t<!-- End Announcement Excerpt -->\n\n\t\t\n\t<\/div>\n\t<!-- End Timeline Content -->\n\n\t\n<\/div>\n<!-- End Timeline Block -->\n\n\t\t\t<\/section>\n\n\t\t\t<!-- Timeline Express Pro v2.4.0 | Site: https:\/\/www.wp-timelineexpress.com | Author: Code Parrots - http:\/\/www.codeparrots.com -->[\/vc_column_text][\/vc_column_inner][vc_column_inner offset=\u00bbvc_col-lg-1 vc_col-md-1&#8243;][vc_column_text]<\/p>\n<h2>Archivos<\/h2>\n<ul>\n<li><a href=\"\/es\/2021-2\/\">2021<\/a><\/li>\n<li><a href=\"\/es\/2020-2\/\">2020<\/a><\/li>\n<li><a href=\"\/es\/2019-2\/\">2019<\/a><\/li>\n<li><a href=\"\/es\/2018-2\/\">2018<\/a><\/li>\n<li><a href=\"\/es\/2017-2\/\">2017<\/a><\/li>\n<li><a href=\"\/es\/2016-2\/\">2016<\/a><\/li>\n<li><a href=\"\/es\/2015-archives\/\">2015<\/a><\/li>\n<li><a href=\"\/es\/2014-archives\/\">2014<\/a><\/li>\n<\/ul>\n<p>[\/vc_column_text][\/vc_column_inner][\/vc_row_inner][\/vc_column][\/vc_row]<\/p>\n<\/div>","protected":false},"excerpt":{"rendered":"<p>[vc_row][vc_column width=\u00bb2\/3&#8243;][vc_column_text] \u00a1Encuentre toda la actualidad de GiPA! [\/vc_column_text][\/vc_column][vc_column width=\u00bb1\/3&#8243;][textbar button_title=\u00bb\u00a1O ten presente las fechas de nuestras plenarias!\u00bb button_link=\u00bb\/es\/plenarias\/\u00bb icon=\u00bbsteadysets-icon-type\u00bb][\/textbar][\/vc_column][vc_column][separator width=\u00bb200px\u00bb height=\u00bb1px\u00bb position=\u00bbcenter\u00bb color=\u00bb#e1e1e1&#8243; margin_top=\u00bb40px\u00bb margin_bottom=\u00bb40px\u00bb][vc_row_inner][vc_column_inner offset=\u00bbvc_col-lg-11 vc_col-md-11&#8243;][vc_column_text][\/vc_column_text][\/vc_column_inner][vc_column_inner offset=\u00bbvc_col-lg-1 vc_col-md-1&#8243;][vc_column_text] Archivos 2021 2020 2019 2018 2017 2016 2015 2014 [\/vc_column_text][\/vc_column_inner][\/vc_row_inner][\/vc_column][\/vc_row]<\/p>\n","protected":false},"author":8,"featured_media":0,"parent":0,"menu_order":0,"comment_status":"closed","ping_status":"closed","template":"","meta":{"footnotes":""},"class_list":["post-3004","page","type-page","status-publish","hentry"],"yoast_head":"<!-- This site is optimized with the Yoast SEO plugin v27.4 - https:\/\/yoast.com\/product\/yoast-seo-wordpress\/ -->\n<title>Blog - GiPA<\/title>\n<meta name=\"robots\" content=\"index, follow, max-snippet:-1, max-image-preview:large, max-video-preview:-1\" \/>\n<link rel=\"canonical\" href=\"https:\/\/www.gipa.eu\/es\/novedades\/\" \/>\n<meta property=\"og:locale\" content=\"es_ES\" \/>\n<meta property=\"og:type\" content=\"article\" \/>\n<meta property=\"og:title\" content=\"Blog - GiPA\" \/>\n<meta property=\"og:description\" content=\"[vc_row][vc_column width=\u00bb2\/3&#8243;][vc_column_text] \u00a1Encuentre toda la actualidad de GiPA! [\/vc_column_text][\/vc_column][vc_column width=\u00bb1\/3&#8243;][textbar button_title=\u00bb\u00a1O ten presente las fechas de nuestras plenarias!\u00bb button_link=\u00bb\/es\/plenarias\/\u00bb icon=\u00bbsteadysets-icon-type\u00bb][\/textbar][\/vc_column][vc_column][separator width=\u00bb200px\u00bb height=\u00bb1px\u00bb position=\u00bbcenter\u00bb color=\u00bb#e1e1e1&#8243; margin_top=\u00bb40px\u00bb margin_bottom=\u00bb40px\u00bb][vc_row_inner][vc_column_inner offset=\u00bbvc_col-lg-11 vc_col-md-11&#8243;][vc_column_text][\/vc_column_text][\/vc_column_inner][vc_column_inner offset=\u00bbvc_col-lg-1 vc_col-md-1&#8243;][vc_column_text] Archivos 2021 2020 2019 2018 2017 2016 2015 2014 [\/vc_column_text][\/vc_column_inner][\/vc_row_inner][\/vc_column][\/vc_row]\" \/>\n<meta property=\"og:url\" content=\"https:\/\/www.gipa.eu\/es\/novedades\/\" \/>\n<meta property=\"og:site_name\" content=\"GiPA\" \/>\n<meta property=\"article:modified_time\" content=\"2022-02-07T09:07:45+00:00\" \/>\n<meta name=\"twitter:card\" content=\"summary_large_image\" \/>\n<meta name=\"twitter:label1\" content=\"Tiempo de lectura\" \/>\n\t<meta name=\"twitter:data1\" content=\"1 minuto\" \/>\n<script type=\"application\/ld+json\" class=\"yoast-schema-graph\">{\"@context\":\"https:\\\/\\\/schema.org\",\"@graph\":[{\"@type\":\"WebPage\",\"@id\":\"https:\\\/\\\/www.gipa.eu\\\/es\\\/novedades\\\/\",\"url\":\"https:\\\/\\\/www.gipa.eu\\\/es\\\/novedades\\\/\",\"name\":\"Blog - GiPA\",\"isPartOf\":{\"@id\":\"https:\\\/\\\/www.gipa.eu\\\/#website\"},\"datePublished\":\"2015-10-05T12:54:52+00:00\",\"dateModified\":\"2022-02-07T09:07:45+00:00\",\"breadcrumb\":{\"@id\":\"https:\\\/\\\/www.gipa.eu\\\/es\\\/novedades\\\/#breadcrumb\"},\"inLanguage\":\"es\",\"potentialAction\":[{\"@type\":\"ReadAction\",\"target\":[\"https:\\\/\\\/www.gipa.eu\\\/es\\\/novedades\\\/\"]}]},{\"@type\":\"BreadcrumbList\",\"@id\":\"https:\\\/\\\/www.gipa.eu\\\/es\\\/novedades\\\/#breadcrumb\",\"itemListElement\":[{\"@type\":\"ListItem\",\"position\":1,\"name\":\"Home\",\"item\":\"https:\\\/\\\/www.gipa.eu\\\/\"},{\"@type\":\"ListItem\",\"position\":2,\"name\":\"Blog\"}]},{\"@type\":\"WebSite\",\"@id\":\"https:\\\/\\\/www.gipa.eu\\\/#website\",\"url\":\"https:\\\/\\\/www.gipa.eu\\\/\",\"name\":\"GiPA\",\"description\":\"Solutions for parts &amp; services intelligence\",\"publisher\":{\"@id\":\"https:\\\/\\\/www.gipa.eu\\\/#organization\"},\"potentialAction\":[{\"@type\":\"SearchAction\",\"target\":{\"@type\":\"EntryPoint\",\"urlTemplate\":\"https:\\\/\\\/www.gipa.eu\\\/?s={search_term_string}\"},\"query-input\":{\"@type\":\"PropertyValueSpecification\",\"valueRequired\":true,\"valueName\":\"search_term_string\"}}],\"inLanguage\":\"es\"},{\"@type\":\"Organization\",\"@id\":\"https:\\\/\\\/www.gipa.eu\\\/#organization\",\"name\":\"GiPA\",\"url\":\"https:\\\/\\\/www.gipa.eu\\\/\",\"logo\":{\"@type\":\"ImageObject\",\"inLanguage\":\"es\",\"@id\":\"https:\\\/\\\/www.gipa.eu\\\/#\\\/schema\\\/logo\\\/image\\\/\",\"url\":\"https:\\\/\\\/www.gipa.eu\\\/wp-content\\\/uploads\\\/2015\\\/12\\\/gipa.png\",\"contentUrl\":\"https:\\\/\\\/www.gipa.eu\\\/wp-content\\\/uploads\\\/2015\\\/12\\\/gipa.png\",\"width\":428,\"height\":136,\"caption\":\"GiPA\"},\"image\":{\"@id\":\"https:\\\/\\\/www.gipa.eu\\\/#\\\/schema\\\/logo\\\/image\\\/\"}}]}<\/script>\n<!-- \/ Yoast SEO plugin. -->","yoast_head_json":{"title":"Blog - GiPA","robots":{"index":"index","follow":"follow","max-snippet":"max-snippet:-1","max-image-preview":"max-image-preview:large","max-video-preview":"max-video-preview:-1"},"canonical":"https:\/\/www.gipa.eu\/es\/novedades\/","og_locale":"es_ES","og_type":"article","og_title":"Blog - GiPA","og_description":"[vc_row][vc_column width=\u00bb2\/3&#8243;][vc_column_text] \u00a1Encuentre toda la actualidad de GiPA! [\/vc_column_text][\/vc_column][vc_column width=\u00bb1\/3&#8243;][textbar button_title=\u00bb\u00a1O ten presente las fechas de nuestras plenarias!\u00bb button_link=\u00bb\/es\/plenarias\/\u00bb icon=\u00bbsteadysets-icon-type\u00bb][\/textbar][\/vc_column][vc_column][separator width=\u00bb200px\u00bb height=\u00bb1px\u00bb position=\u00bbcenter\u00bb color=\u00bb#e1e1e1&#8243; margin_top=\u00bb40px\u00bb margin_bottom=\u00bb40px\u00bb][vc_row_inner][vc_column_inner offset=\u00bbvc_col-lg-11 vc_col-md-11&#8243;][vc_column_text][\/vc_column_text][\/vc_column_inner][vc_column_inner offset=\u00bbvc_col-lg-1 vc_col-md-1&#8243;][vc_column_text] Archivos 2021 2020 2019 2018 2017 2016 2015 2014 [\/vc_column_text][\/vc_column_inner][\/vc_row_inner][\/vc_column][\/vc_row]","og_url":"https:\/\/www.gipa.eu\/es\/novedades\/","og_site_name":"GiPA","article_modified_time":"2022-02-07T09:07:45+00:00","twitter_card":"summary_large_image","twitter_misc":{"Tiempo de lectura":"1 minuto"},"schema":{"@context":"https:\/\/schema.org","@graph":[{"@type":"WebPage","@id":"https:\/\/www.gipa.eu\/es\/novedades\/","url":"https:\/\/www.gipa.eu\/es\/novedades\/","name":"Blog - GiPA","isPartOf":{"@id":"https:\/\/www.gipa.eu\/#website"},"datePublished":"2015-10-05T12:54:52+00:00","dateModified":"2022-02-07T09:07:45+00:00","breadcrumb":{"@id":"https:\/\/www.gipa.eu\/es\/novedades\/#breadcrumb"},"inLanguage":"es","potentialAction":[{"@type":"ReadAction","target":["https:\/\/www.gipa.eu\/es\/novedades\/"]}]},{"@type":"BreadcrumbList","@id":"https:\/\/www.gipa.eu\/es\/novedades\/#breadcrumb","itemListElement":[{"@type":"ListItem","position":1,"name":"Home","item":"https:\/\/www.gipa.eu\/"},{"@type":"ListItem","position":2,"name":"Blog"}]},{"@type":"WebSite","@id":"https:\/\/www.gipa.eu\/#website","url":"https:\/\/www.gipa.eu\/","name":"GiPA","description":"Solutions for parts &amp; services intelligence","publisher":{"@id":"https:\/\/www.gipa.eu\/#organization"},"potentialAction":[{"@type":"SearchAction","target":{"@type":"EntryPoint","urlTemplate":"https:\/\/www.gipa.eu\/?s={search_term_string}"},"query-input":{"@type":"PropertyValueSpecification","valueRequired":true,"valueName":"search_term_string"}}],"inLanguage":"es"},{"@type":"Organization","@id":"https:\/\/www.gipa.eu\/#organization","name":"GiPA","url":"https:\/\/www.gipa.eu\/","logo":{"@type":"ImageObject","inLanguage":"es","@id":"https:\/\/www.gipa.eu\/#\/schema\/logo\/image\/","url":"https:\/\/www.gipa.eu\/wp-content\/uploads\/2015\/12\/gipa.png","contentUrl":"https:\/\/www.gipa.eu\/wp-content\/uploads\/2015\/12\/gipa.png","width":428,"height":136,"caption":"GiPA"},"image":{"@id":"https:\/\/www.gipa.eu\/#\/schema\/logo\/image\/"}}]}},"_links":{"self":[{"href":"https:\/\/www.gipa.eu\/es\/wp-json\/wp\/v2\/pages\/3004","targetHints":{"allow":["GET"]}}],"collection":[{"href":"https:\/\/www.gipa.eu\/es\/wp-json\/wp\/v2\/pages"}],"about":[{"href":"https:\/\/www.gipa.eu\/es\/wp-json\/wp\/v2\/types\/page"}],"author":[{"embeddable":true,"href":"https:\/\/www.gipa.eu\/es\/wp-json\/wp\/v2\/users\/8"}],"replies":[{"embeddable":true,"href":"https:\/\/www.gipa.eu\/es\/wp-json\/wp\/v2\/comments?post=3004"}],"version-history":[{"count":0,"href":"https:\/\/www.gipa.eu\/es\/wp-json\/wp\/v2\/pages\/3004\/revisions"}],"wp:attachment":[{"href":"https:\/\/www.gipa.eu\/es\/wp-json\/wp\/v2\/media?parent=3004"}],"curies":[{"name":"wp","href":"https:\/\/api.w.org\/{rel}","templated":true}]}}